{"id":355,"date":"2014-03-17T10:00:57","date_gmt":"2014-03-17T09:00:57","guid":{"rendered":"https:\/\/www.marcelcuvelier.de\/?page_id=355"},"modified":"2019-09-23T10:42:06","modified_gmt":"2019-09-23T09:42:06","slug":"tuerinnenverkleidung-komplett-erneuern","status":"publish","type":"page","link":"https:\/\/www.marcelcuvelier.de\/?page_id=355","title":{"rendered":"T\u00fcrinnenverkleidung erneuern"},"content":{"rendered":"<p><a href=\"https:\/\/www.marcelcuvelier.de\/wp-content\/uploads\/2014\/03\/info05_verkleidung_alt.jpg\"><img loading=\"lazy\" decoding=\"async\" class=\"alignleft size-full wp-image-334\" src=\"https:\/\/www.marcelcuvelier.de\/wp-content\/uploads\/2014\/03\/info05_verkleidung_alt.jpg\" alt=\"Verkleidung\" width=\"436\" height=\"210\" srcset=\"https:\/\/www.marcelcuvelier.de\/wp-content\/uploads\/2014\/03\/info05_verkleidung_alt.jpg 436w, https:\/\/www.marcelcuvelier.de\/wp-content\/uploads\/2014\/03\/info05_verkleidung_alt-300x144.jpg 300w\" sizes=\"auto, (max-width: 436px) 100vw, 436px\" \/><\/a><\/p>\n<div style=\"clear: both;\">&nbsp;<\/div>\n<p>&nbsp;<br \/>\nTja, ich habe vor einiger Zeit, genauer gesagt Januar 2001, habe ich meine Lautsprecher in den T\u00fcren vorne eingebaut. Leider musste ich dazu die Innenverkleidung etwas l\u00f6sen, was nicht ohne Besch\u00e4digung der selbigen von statten ging.<\/p>\n<p>Deshalb habe ich diese mit doppelseitigem Klebeband und blauem Tape (siehe Bild) versucht neu zu fixieren. Leider scheint das aber nicht auszureichen, da ich festgestellt habe, dass im Winter schon mal Feuchtigkeit im Wagen dringt.<\/p>\n<p><a href=\"https:\/\/www.marcelcuvelier.de\/wp-content\/uploads\/2014\/03\/info05_neue_verkleidung_blanko.jpg\"><img loading=\"lazy\" decoding=\"async\" class=\"alignright size-full wp-image-330\" src=\"https:\/\/www.marcelcuvelier.de\/wp-content\/uploads\/2014\/03\/info05_neue_verkleidung_blanko.jpg\" alt=\"JENOPTIK DIGITAL CAMERA\" width=\"411\" height=\"170\" srcset=\"https:\/\/www.marcelcuvelier.de\/wp-content\/uploads\/2014\/03\/info05_neue_verkleidung_blanko.jpg 411w, https:\/\/www.marcelcuvelier.de\/wp-content\/uploads\/2014\/03\/info05_neue_verkleidung_blanko-300x124.jpg 300w\" sizes=\"auto, (max-width: 411px) 100vw, 411px\" \/><\/a>Darum habe ich mir bei Peugeot die Innenverkleidung f\u00fcr beide T\u00fcren original neu bestellt. Klasse ist, dass der Kleber sich bereits auf der R\u00fcckseite befindet. Weniger klasse ist der etwas \u00fcberteuerte Preis f\u00fcr beide Verkleidungen, der bei ca 40,&#8211; \u20ac lag! Mein H\u00e4ndler sagte mir, dass man diese Verkleidung auch als Meterware um einiges billiger kaufen kann. Dann hat man allerdings etwas mehr Arbeit, da dann noch alle \u00d6ffnungen geschnitten werden m\u00fcssen.<\/p>\n<h1>&nbsp;<\/h1>\n<p>Als erstes m\u00fcsst Ihr die T\u00fcrverkleidung abnehmen. Wie Ihr das macht, k\u00f6nnt Ihr im Tip 2 nachlesen. Danach habe ich dann die vorhandene defekte Innenverkleidung von der T\u00fcr abgerissen.<\/p>\n<p><a href=\"https:\/\/www.marcelcuvelier.de\/wp-content\/uploads\/2014\/03\/info05_alte_verkleidung_entfernt.jpg\"><img loading=\"lazy\" decoding=\"async\" class=\"alignleft size-full wp-image-329\" src=\"https:\/\/www.marcelcuvelier.de\/wp-content\/uploads\/2014\/03\/info05_alte_verkleidung_entfernt.jpg\" alt=\"JENOPTIK DIGITAL CAMERA\" width=\"406\" height=\"167\" srcset=\"https:\/\/www.marcelcuvelier.de\/wp-content\/uploads\/2014\/03\/info05_alte_verkleidung_entfernt.jpg 406w, https:\/\/www.marcelcuvelier.de\/wp-content\/uploads\/2014\/03\/info05_alte_verkleidung_entfernt-300x123.jpg 300w\" sizes=\"auto, (max-width: 406px) 100vw, 406px\" \/><\/a>Auf der linken Seite seht Ihr die Fahrert\u00fcr ohne Innenverkleidung. Den Verlauf des doppelseitigen Klebebandes habe ich mit roten Pfeilen gekennzeichnet. Diese R\u00fcckst\u00e4nde wurden von mir durch Aceton beseitigt. Ich kann euch nur sagen, dass diese Beseitigung &#8222;Knochenarbeit&#8220; ist und die meiste Zeit beim Austausch der Innenverkleidung in Anspruch nimmt.<\/p>\n<div style=\"clear: both;\">&nbsp;<\/div>\n<p>&nbsp;<br \/>\n<a href=\"https:\/\/www.marcelcuvelier.de\/wp-content\/uploads\/2014\/03\/info05_ohne_innenverkleidung_sauber.jpg\"><img loading=\"lazy\" decoding=\"async\" class=\"alignright size-full wp-image-333\" src=\"https:\/\/www.marcelcuvelier.de\/wp-content\/uploads\/2014\/03\/info05_ohne_innenverkleidung_sauber.jpg\" alt=\"JENOPTIK DIGITAL CAMERA\" width=\"370\" height=\"182\" srcset=\"https:\/\/www.marcelcuvelier.de\/wp-content\/uploads\/2014\/03\/info05_ohne_innenverkleidung_sauber.jpg 370w, https:\/\/www.marcelcuvelier.de\/wp-content\/uploads\/2014\/03\/info05_ohne_innenverkleidung_sauber-300x147.jpg 300w, https:\/\/www.marcelcuvelier.de\/wp-content\/uploads\/2014\/03\/info05_ohne_innenverkleidung_sauber-239x118.jpg 239w\" sizes=\"auto, (max-width: 370px) 100vw, 370px\" \/><\/a>Abbildung rechts: Und so sieht das ganze dann aus, wenn man alle Klebereste entfernt hat und eine Stunde weiter ist.<\/p>\n<p>Nun wird die neue originale Peugeot T\u00fcr- Verkleidung auf die T\u00fcre geklebt.<\/p>\n<p>Anschlie\u00dfend habe ich die alte Zweitverkleidung (grau) auf der neuen Verkleidung mit doppelseitigem Klebeband geklebt (siehe Foto unten links).<\/p>\n<table>\n<tbody>\n<tr>\n<td><a href=\"https:\/\/www.marcelcuvelier.de\/wp-content\/uploads\/2014\/03\/info05_neue_verkleidung_montiert.jpg\"><img loading=\"lazy\" decoding=\"async\" class=\"alignleft size-full wp-image-331\" src=\"https:\/\/www.marcelcuvelier.de\/wp-content\/uploads\/2014\/03\/info05_neue_verkleidung_montiert.jpg\" alt=\"neue Verkleidung\" width=\"298\" height=\"129\"><\/a><\/td>\n<td><a href=\"https:\/\/www.marcelcuvelier.de\/wp-content\/uploads\/2014\/03\/info05_neue_verkleidung_montiert_komplett.jpg\"><img loading=\"lazy\" decoding=\"async\" class=\"alignright size-full wp-image-332\" src=\"https:\/\/www.marcelcuvelier.de\/wp-content\/uploads\/2014\/03\/info05_neue_verkleidung_montiert_komplett.jpg\" alt=\"neue Verkleidung 2\" width=\"344\" height=\"134\" srcset=\"https:\/\/www.marcelcuvelier.de\/wp-content\/uploads\/2014\/03\/info05_neue_verkleidung_montiert_komplett.jpg 344w, https:\/\/www.marcelcuvelier.de\/wp-content\/uploads\/2014\/03\/info05_neue_verkleidung_montiert_komplett-300x116.jpg 300w\" sizes=\"auto, (max-width: 344px) 100vw, 344px\" \/><\/a><\/td>\n<\/tr>\n<\/tbody>\n<\/table>\n<p>Jetzt muss nur noch die T\u00fcrverkleidung wieder angebracht werden und die T\u00fcr ist erneut 100%ig dicht.<\/p>\n<div class=\"pdf24Plugin-cp\"> \t<form name=\"pdf24Form0\" method=\"post\" target=\"pdf24PopWin\" action=\"https:\/\/doc2pdf.pdf24.org\/wordpress.php\"><input type=\"hidden\" name=\"blogCharset\" value=\"Cw1x07UAAA==\" \/><input type=\"hidden\" name=\"blogPosts\" value=\"MwQA\" \/><input type=\"hidden\" name=\"blogUrl\" value=\"yygpKSi20tcvLy\/Xy00sSk7NSS4tS83JTC3SS0kFAA==\" \/><input type=\"hidden\" name=\"blogName\" value=\"y00sSk7NSS4tS83JTC3SS0kFAA==\" \/><input type=\"hidden\" name=\"blogValueEncoding\" value=\"gzdeflate base64\" \/><input type=\"hidden\" name=\"postId_0\" value=\"MzY1BQA=\" \/><input type=\"hidden\" name=\"postTitle_0\" value=\"Czm8pygzLy81ryy1KDsnNTOlNC9dIbUoL7UUSAAA\" \/><input type=\"hidden\" name=\"postLink_0\" value=\"yygpKSi20tcvLy\/Xy00sSk7NSS4tS83JTC3SS0nVty9ITE+Nz0yxNTY1BQA=\" \/><input type=\"hidden\" name=\"postAuthor_0\" value=\"800sSk7NAQA=\" \/><input type=\"hidden\" name=\"postDateTime_0\" value=\"MzIwNNE1MNY1NFcwNLAyMLYyNQcA\" \/><input type=\"hidden\" name=\"postContent_0\" value=\"vZhLb9tGEMfv\/RRTFS0SwLZEyc3LD0Cpk9Z5tEHiNkAvxlIckRstlwR3aTk+9kP02kuOPfeUm75JP0n\/s9SDTl3XKOgeJJHi7sx\/hjs\/znK\/PNxXlFU8Pehl3pfuUb8\/n893clVN2EzqMzaaq52E+\/Nye1JYz9b369IUKnH94SDa7Q9GfW2nxeDr0zOuZoZ1Utv0VBm\/865Me4f7Ok9JhmubHvSMunjfo4QnRXOu3Hs76dHEKOdwZnRqDU89OX3B29PaGIJbnauUt0ej3R65anI7OgkHB72fNld6NNeJzw56u6N7PcpYpxkGDKNBEOHY34oOgrf5FnVseXs0GJxHu7vBA47nvZBgyXjtiy26k6vz7RDuIxFQnt+laDA4g5Bw1qP+4X5f4VMefraf6DNy\/r3hg97EsKoeUVz4bK93+JWNXbm338cADCtX53GF6Z+dvFNbpCcZZSpmOisqYm11yhX9zNpvUcpW1ThL2anU0zNla1XRcDCItpopMjfHHKYXEO3KiicZxmuL1WTpZPGxwg\/sYgBGpRxj1A69QBIwKq+d842NRF3UlGimY2vZthJF7OfKkVn84dhukRxbTPBUZLD5mN0kW3xIdCpDxaZjEyMAcWqREOVxQyiF650mT+XhEbtMmXijH24dU649JUVZsnEIHSZyem44hmKbUI1PbJCKnE5UyXTHac7gXpvkLkGtq0WS5ZoQxlSfY0mwXccJjQge5iEeTqtlBKp2F3XFOJbIEhXETNl5ZNuzMT5IlCvOkc7pLWw01hBargw9ZXGr0xkEhwFKAk8qROvX4XbGEUTHl5YwEmJnxX\/kSSWVezVQBh0B5TrBDViePfn+h1cnx8\/p6Pjb45PxC\/pm\/PLJ6\/EGMlG0gUx0v0PIXKON4LUD2PyDhwY6w5tBJ4ra0JGzFXSOVFXnLQToimLW9IrrlAt\/dSVPQQMZlfAKDAVWgbZYyVI58XLV76DusE5g2Pnl4pciCsWI1S\/ucIAlj2Kqp+Ha68XHyUzKlnFpqm3CsPKWG5LN1tbC2IYni4+w4ZEifNErWHNtea0HTihNbqKbKNodbH31xYNhFO3Rn7\/8Tkaln9NLFDd9t\/hgEyMCAUqhSbXUniu7JEzLKpQjDGUcJqOm56piQj4b+DqKtTGNdkSIPM2UBU2O8I2U+2BSGTiT6nLLiHLOKhpXceA2YJLIaFsEN4Zp8et0akM8AvNJZnUg4xxG8JMvPiJHdgmNLFo\/NXAoEBlDKSjnoS0M9XQMb3KX5U62b7KKLWe5wO+trAEZJeIUQLVFs8Uf1jZzgasTXdKQLC4ZFucSoFo9i5qHgg25kwdIBgwziJ\/wlGf+itUlvJcbJYKgAtnTrZA65CDIcbmwMHbKle28sxo+7AiE1yu+IQoHrX4rune\/OxReqw4F10Xn9Y8+ljgc3QiHg0s92KDVg42XIDLazlBObwKKHGebOnmqsPoqL4szdC6frl+sfkwEIkwDNXe5GbGbZgSXWtz1VBVSyK+mrE0obgiwF9JVWKHgUUBPA0gvjGKa16HmpWCE20ldwdJ4wh5\/AMLBIWYe418BD0mXQbYOaGs6FUFysPt4OVwKULg4HO49F+agbQwkCv8N9gJ8pYeSTKBdlK5PGkyhak7jGn1a7aTgkcK\/FTbgOrboLIMKneer1ua\/dbydYUDu4qn+ROypUzUeLN33RKOOUPCvqm9Gg5H0QmsaPBh2R4N\/E0hw3QEQrnOz3JfdXzPhlt0NRw\/Po+hBcIfj6xCE4FsICmdrBMXoGkLByB7Mu0f0IwrOFSRblWbvkSqAoXmqot6wmQIp1s3EssGSJoxWdAzdhtRt2OG98XXAh8CtkpJeP1u\/r9FJ6Kqpb2k8150dr1tCeS5vf9IDTdctBAu4IGBjEzWPxkDz4jeGgPZmTZYo+CE62py4k1aqvrvuCUWGveTv2h3e0v1qZ\/e08AUiF7IK093dpS6vYsPyGxfJe\/mt5Cu5xV1WjvGY3f17m+i2tlmXFDc8CWviqtc4w4cPWiBBx7N8pYGU\/k95PZ0VeWnY++6hPbztDF\/WfnWqabih9u5uK9nLF3e3s529UiFBwG3sbP\/mrCF4dO8mXR00tZEqZ5s3a2EZ9kOR91cl318xoDx8xv7Ch9dYoT8Ku62rNkVzzYIkJS\/AKtkKrfZdq54obFqkSQJ1ufai5kud4hLGNuT5Cw==\" \/><\/form> \t<div class=\"pdf24Plugin-cp-link\"> \t\t<a href=\"#\" onclick=\"var pdf24Win = window.open('about:blank', 'pdf24PopWin', 'resizable=yes,scrollbars=yes,width=600,height=250,left='+(screen.width\/2-300)+',top='+(screen.height\/3-125)+''); pdf24Win.focus(); document.pdf24Form0.submit(); if(typeof pdf24OnCreatePDF === 'function'){void(pdf24OnCreatePDF(this,pdf24Win));} return false;\">Diesen Beitrag als PDF herunterladen<\/a> \t<\/div> <\/div>","protected":false},"excerpt":{"rendered":"<p>&nbsp; &nbsp; Tja, ich habe vor einiger Zeit, genauer gesagt Januar 2001, habe ich meine Lautsprecher in den T\u00fcren vorne eingebaut. Leider musste ich dazu die Innenverkleidung etwas l\u00f6sen, was nicht ohne Besch\u00e4digung der selbigen von statten ging. Deshalb habe ich diese mit doppelseitigem Klebeband und blauem Tape (siehe Bild) versucht neu zu fixieren. Leider scheint das aber nicht auszureichen, da ich festgestellt habe, dass im Winter schon mal Feuchtigkeit im Wagen dringt. Darum habe ich mir bei Peugeot die [&hellip;]<\/p>\n","protected":false},"author":1,"featured_media":0,"parent":463,"menu_order":0,"comment_status":"closed","ping_status":"closed","template":"","meta":{"ngg_post_thumbnail":0,"jetpack_post_was_ever_published":false,"footnotes":""},"class_list":["post-355","page","type-page","status-publish","hentry"],"jetpack_shortlink":"https:\/\/wp.me\/P4qNjn-5J","jetpack_sharing_enabled":true,"jetpack_likes_enabled":true,"_links":{"self":[{"href":"https:\/\/www.marcelcuvelier.de\/index.php?rest_route=\/wp\/v2\/pages\/355","targetHints":{"allow":["GET"]}}],"collection":[{"href":"https:\/\/www.marcelcuvelier.de\/index.php?rest_route=\/wp\/v2\/pages"}],"about":[{"href":"https:\/\/www.marcelcuvelier.de\/index.php?rest_route=\/wp\/v2\/types\/page"}],"author":[{"embeddable":true,"href":"https:\/\/www.marcelcuvelier.de\/index.php?rest_route=\/wp\/v2\/users\/1"}],"replies":[{"embeddable":true,"href":"https:\/\/www.marcelcuvelier.de\/index.php?rest_route=%2Fwp%2Fv2%2Fcomments&post=355"}],"version-history":[{"count":13,"href":"https:\/\/www.marcelcuvelier.de\/index.php?rest_route=\/wp\/v2\/pages\/355\/revisions"}],"predecessor-version":[{"id":1017,"href":"https:\/\/www.marcelcuvelier.de\/index.php?rest_route=\/wp\/v2\/pages\/355\/revisions\/1017"}],"up":[{"embeddable":true,"href":"https:\/\/www.marcelcuvelier.de\/index.php?rest_route=\/wp\/v2\/pages\/463"}],"wp:attachment":[{"href":"https:\/\/www.marcelcuvelier.de\/index.php?rest_route=%2Fwp%2Fv2%2Fmedia&parent=355"}],"curies":[{"name":"wp","href":"https:\/\/api.w.org\/{rel}","templated":true}]}}