{"id":36,"date":"2014-03-13T12:09:09","date_gmt":"2014-03-13T11:09:09","guid":{"rendered":"https:\/\/www.marcelcuvelier.de\/?page_id=36"},"modified":"2018-02-17T13:42:22","modified_gmt":"2018-02-17T12:42:22","slug":"front-lautsprechereinbau-inkl-tweeter","status":"publish","type":"page","link":"https:\/\/www.marcelcuvelier.de\/?page_id=36","title":{"rendered":"Front Lautsprechereinbau"},"content":{"rendered":"<p>Auf den beiden folgenden Fotos k\u00f6nnt Ihr euch schon einmal anschauen, wie meine Peugeot 206 T\u00fcren nach dem Einbau der Lautsprecher und der Tweeter aussahen. Somit habt Ihr die M\u00f6glichkeit euch ein Bild von der ganzen Geschichte und dem Resultat machen. Das Ganze war auch wirklich gar nicht kompliziert und auch leicht zu realisieren. Deshalb kann der Einbau auch von Nicht-(Bastel-)Profis durchgef\u00fchrt werden. Nur Mut&#8230;<\/p>\n<p><a href=\"https:\/\/www.marcelcuvelier.de\/wp-content\/uploads\/2014\/03\/info02_beifahrertuer1.jpg\"><img loading=\"lazy\" decoding=\"async\" class=\"size-full wp-image-71 alignleft\" alt=\"info02_beifahrertuer1\" src=\"https:\/\/www.marcelcuvelier.de\/wp-content\/uploads\/2014\/03\/info02_beifahrertuer1.jpg\" width=\"628\" height=\"295\" srcset=\"https:\/\/www.marcelcuvelier.de\/wp-content\/uploads\/2014\/03\/info02_beifahrertuer1.jpg 628w, https:\/\/www.marcelcuvelier.de\/wp-content\/uploads\/2014\/03\/info02_beifahrertuer1-300x140.jpg 300w\" sizes=\"auto, (max-width: 628px) 100vw, 628px\" \/><\/a><\/p>\n<div style=\"clear: both;\"><\/div>\n<p>&nbsp;<br \/>\nZur Durchf\u00fchrung des Einbaus ben\u00f6tigt man neben ein wenig Zeit auch noch folgende Utensilien:<\/p>\n<ul>\n<li>einen Torx-Bit-Satz,<\/li>\n<li>einen Akkuschrauber oder eine gute regelbare Bohrmaschine,<\/li>\n<li>am besten eine &#8222;Ratsche&#8220; bzw. &#8222;Knarre&#8220; und<\/li>\n<li>einen Lochfr\u00e4senaufsatz f\u00fcr den Akkuschrauber \/ die Bohrmaschine<\/li>\n<\/ul>\n<p>Das Spiegeldreieck ist nur eingeklipst. Mit etwas Gef\u00fchl kann man dieses von der T\u00fcr l\u00f6sen (evtl. vorsichtig mit einem kleinen Schlitzschraubendreher nachhelfen). Als erstes m\u00fcssen alle Torxschrauben herausgeschraubt werden. Siehe dazu die folgenden Bilder:<\/p>\n<p><a href=\"https:\/\/www.marcelcuvelier.de\/wp-content\/uploads\/2014\/03\/info02_beifahrertuer2.jpg\"><img loading=\"lazy\" decoding=\"async\" class=\"size-full wp-image-70 alignleft\" alt=\"info02_beifahrertuer2\" src=\"https:\/\/www.marcelcuvelier.de\/wp-content\/uploads\/2014\/03\/info02_beifahrertuer2.jpg\" width=\"618\" height=\"427\" srcset=\"https:\/\/www.marcelcuvelier.de\/wp-content\/uploads\/2014\/03\/info02_beifahrertuer2.jpg 618w, https:\/\/www.marcelcuvelier.de\/wp-content\/uploads\/2014\/03\/info02_beifahrertuer2-300x207.jpg 300w\" sizes=\"auto, (max-width: 618px) 100vw, 618px\" \/><\/a><\/p>\n<div style=\"clear: both;\"><\/div>\n<p>&nbsp;<br \/>\nDann mu\u00df noch die innere T\u00fcr\u00f6ffnerverkleidung ausgehebelt werden &#8211; siehe dazu folgendes Bild:<br \/>\n<a href=\"https:\/\/www.marcelcuvelier.de\/wp-content\/uploads\/2014\/03\/info02_tueroeffner_ohne_leiste.jpg\"><img loading=\"lazy\" decoding=\"async\" class=\"alignleft size-full wp-image-48\" alt=\"tueroeffner_ohne_leiste\" src=\"https:\/\/www.marcelcuvelier.de\/wp-content\/uploads\/2014\/03\/info02_tueroeffner_ohne_leiste.jpg\" width=\"402\" height=\"240\" srcset=\"https:\/\/www.marcelcuvelier.de\/wp-content\/uploads\/2014\/03\/info02_tueroeffner_ohne_leiste.jpg 402w, https:\/\/www.marcelcuvelier.de\/wp-content\/uploads\/2014\/03\/info02_tueroeffner_ohne_leiste-300x179.jpg 300w\" sizes=\"auto, (max-width: 402px) 100vw, 402px\" \/><\/a><\/p>\n<div style=\"clear: both;\"><\/div>\n<p>&nbsp;<br \/>\nDie Verkleidung selber sieht dann wie folgt aus:<br \/>\n<a href=\"https:\/\/www.marcelcuvelier.de\/wp-content\/uploads\/2014\/03\/info02_tueroeffnerleiste.jpg\"><img loading=\"lazy\" decoding=\"async\" class=\"alignleft size-full wp-image-49\" alt=\"JENOPTIK DIGITAL CAMERA\" src=\"https:\/\/www.marcelcuvelier.de\/wp-content\/uploads\/2014\/03\/info02_tueroeffnerleiste.jpg\" width=\"486\" height=\"177\" srcset=\"https:\/\/www.marcelcuvelier.de\/wp-content\/uploads\/2014\/03\/info02_tueroeffnerleiste.jpg 486w, https:\/\/www.marcelcuvelier.de\/wp-content\/uploads\/2014\/03\/info02_tueroeffnerleiste-300x109.jpg 300w\" sizes=\"auto, (max-width: 486px) 100vw, 486px\" \/><\/a><\/p>\n<div style=\"clear: both;\"><\/div>\n<p>&nbsp;<br \/>\nNun hebt man die gesamte T\u00fcrverkleidung bei heruntergefahrener Seitenfenster an der Stelle hoch, wo die Scheibe hinter den Gummis verschindet. Das hilft nachher die Verkleidung leichter von der T\u00fcr zu l\u00f6sen.<br \/>\n<a href=\"https:\/\/www.marcelcuvelier.de\/wp-content\/uploads\/2014\/03\/info02_tuerverkleidung_hochhebeln.jpg\"><img loading=\"lazy\" decoding=\"async\" class=\"alignleft size-full wp-image-52\" alt=\"JENOPTIK DIGITAL CAMERA\" src=\"https:\/\/www.marcelcuvelier.de\/wp-content\/uploads\/2014\/03\/info02_tuerverkleidung_hochhebeln.jpg\" width=\"588\" height=\"245\" srcset=\"https:\/\/www.marcelcuvelier.de\/wp-content\/uploads\/2014\/03\/info02_tuerverkleidung_hochhebeln.jpg 588w, https:\/\/www.marcelcuvelier.de\/wp-content\/uploads\/2014\/03\/info02_tuerverkleidung_hochhebeln-300x125.jpg 300w\" sizes=\"auto, (max-width: 588px) 100vw, 588px\" \/><\/a><\/p>\n<div style=\"clear: both;\"><\/div>\n<p>&nbsp;<br \/>\nDanach kommt es dann zu einer sogenannten &#8222;Hau-Ruck-Aktion&#8220;. Hier m\u00fcsst Ihr mit etwas Kraft (und Mut) versuchen die T\u00fcrverkleidung nun mehr oder weniger von der T\u00fcr loszurei\u00dfen. H\u00f6rt sich brutal an, ist aber gar nicht sooooo schlimm. Wie Ihr auf dem n\u00e4chsten Foto sehen k\u00f6nnt hat die T\u00fcrverkleidung neun wei\u00dfe Kunststoff-Pins, die in den entsprechenden \u00d6ffnungen\/Bohrungen in der T\u00fcr eingeklickt sind, um die Verkleidung fest am die T\u00fcr zu fixieren.<br \/>\n<a href=\"https:\/\/www.marcelcuvelier.de\/wp-content\/uploads\/2014\/03\/info02_tuer_ohne_verkleidung.jpg\"><img loading=\"lazy\" decoding=\"async\" class=\"alignleft size-full wp-image-56\" alt=\"T\u00fcr ohne Verkleidung\" src=\"https:\/\/www.marcelcuvelier.de\/wp-content\/uploads\/2014\/03\/info02_tuer_ohne_verkleidung.jpg\" width=\"462\" height=\"220\" srcset=\"https:\/\/www.marcelcuvelier.de\/wp-content\/uploads\/2014\/03\/info02_tuer_ohne_verkleidung.jpg 462w, https:\/\/www.marcelcuvelier.de\/wp-content\/uploads\/2014\/03\/info02_tuer_ohne_verkleidung-300x142.jpg 300w\" sizes=\"auto, (max-width: 462px) 100vw, 462px\" \/><\/a><\/p>\n<div style=\"clear: both;\"><\/div>\n<p>&nbsp;<br \/>\n<a href=\"https:\/\/www.marcelcuvelier.de\/wp-content\/uploads\/2014\/03\/info02_tuerverkleidung.jpg\"><img loading=\"lazy\" decoding=\"async\" class=\"alignleft size-full wp-image-55\" alt=\"T\u00fcrverkleidung\" src=\"https:\/\/www.marcelcuvelier.de\/wp-content\/uploads\/2014\/03\/info02_tuerverkleidung.jpg\" width=\"494\" height=\"220\" srcset=\"https:\/\/www.marcelcuvelier.de\/wp-content\/uploads\/2014\/03\/info02_tuerverkleidung.jpg 494w, https:\/\/www.marcelcuvelier.de\/wp-content\/uploads\/2014\/03\/info02_tuerverkleidung-300x133.jpg 300w\" sizes=\"auto, (max-width: 494px) 100vw, 494px\" \/><\/a><\/p>\n<div style=\"clear: both;\"><\/div>\n<p>&nbsp;<br \/>\nDie Tweeter k\u00f6nnen auf verschiedener Art und Weise im Dreieck befestigt werden. Ich habe in diesem Beispiel die dazugeh\u00f6rige Originale Teufel Klammer benutzt, was vom Platzangebot gerade so passt. Die Frequenzweichen bringt Ihr am besten im Innenraum irgendwo an, denn in den T\u00fcren ist a) wenig Platz und b) kann es passieren, dass Sie im Laufe der Zeit oxidieren und irgendwann den Geist aufgeben (Glaubt mir, ich weiss, wovon ich rede).<\/p>\n<p>Alles weitere ist individuell anpassbar, je nach dem, welches Lautsprechersystem Ihr in eurem Fahrzeug einbauen wollt.<\/p>\n<div class=\"pdf24Plugin-cp\"> \t<form name=\"pdf24Form0\" method=\"post\" target=\"pdf24PopWin\" action=\"https:\/\/doc2pdf.pdf24.org\/wordpress.php\"><input type=\"hidden\" name=\"blogCharset\" value=\"Cw1x07UAAA==\" \/><input type=\"hidden\" name=\"blogPosts\" value=\"MwQA\" \/><input type=\"hidden\" name=\"blogUrl\" value=\"yygpKSi20tcvLy\/Xy00sSk7NSS4tS83JTC3SS0kFAA==\" \/><input type=\"hidden\" name=\"blogName\" value=\"y00sSk7NSS4tS83JTC3SS0kFAA==\" \/><input type=\"hidden\" name=\"blogValueEncoding\" value=\"gzdeflate base64\" \/><input type=\"hidden\" name=\"postId_0\" value=\"MzYDAA==\" \/><input type=\"hidden\" name=\"postTitle_0\" value=\"cyvKzytR8EksLSkuKEpNzkgtSs3MS0osBQA=\" \/><input type=\"hidden\" name=\"postLink_0\" value=\"yygpKSi20tcvLy\/Xy00sSk7NSS4tS83JTC3SS0nVty9ITE+Nz0yxNTYDAA==\" \/><input type=\"hidden\" name=\"postAuthor_0\" value=\"800sSk7NAQA=\" \/><input type=\"hidden\" name=\"postDateTime_0\" value=\"MzIwNNE1MNY1NFYwNLIyMLYysAQA\" \/><input type=\"hidden\" name=\"postContent_0\" value=\"vVnLbttIFt33VxQ0QMMGrGfk9wOwx4njcZw2Yvc00JugJF2S1SoWNfWwHH3IbHvT3+BVdvqxPrdIOXTiBB5YGi9kFotV997iuec+eDA5Og6JGJERA1L8Lyl0Soav3hS+cGI8vzfGi\/PMCgrDTLhhVhhByuRSC2kwlIHMhpgqEjluk7iikFLhRa+zJW7mny22MhIrR5SL18oMZMClFe9k8G5iaZhhEMwo3ryZEnn8l8E5mZFpiesiV15kclDqMIKYy\/l9qtUwGxNmolKQK06UHolb6Mb7pNLMIPeMoB+e9FRJyMUHckF76UUOnVjAqXTijB8XU8mCsd1U2TELwDZWGF4vxkU+0WqmyPq4VXxOU5ybBWFJauUwG3ckl0k9EGNpSm0qq+Ma1vA9L2uunUjnSTfXr2yRKCdGwQ6zlJL55wxCpmRHvNn7YMVl8D\/\/Y6f3qrN\/0J4c\/XQwOTqQIrOUHDYy7ydur92eTqetXNoh6WG4JQ1NWiNqTyfNYWE8Gd8OE13IkWv3Ot1+u\/OqrUxSdHof8dYTia2sD2S7rT8maePoQOWp4KeVSQ8bWs4+NWDGsCjH0n0yw4YYauncYcOpGTWToLWALJXLlJrbXYHDSI2mxDdw6Q8bTwprCGeHK7EAL3Dks8PGVm+nITJSaQYderubUaIjvwqhAsKmG2K5GzdfdTp33X4nCsD1FBbgwHHucJ5iQ6zl8q4Zjd1j+ZO7ddHtdG6hRxw1RPvooC2PStSM1K1w\/pOmw8ZQk7R7YlD4bB\/vu42pCKufzcBN9g8GFgt\/+h3IO2VMRkQGkwIErsKyA12Y+b1XKTsSHJwwjm44JaNS8Tu7ZsS7KfCzIBXxK2x3Csdh9kqlgsaPVkfMHEbcFPaueaJ881r62cZBGxO12ePxOMCfrQwDOFXBnhUJJw3wb0sp6YG0JE6KzOaSHd9QbQ+ZQ2c4nCkXsUP1evsfpMeTFEedfTGYTVuLqQsjrX2YgdN\/rc87mJbY+V+OjAyJg8oCR2Ujmz7WtR15q65YtVc72j85YhK6nii2YWRJ0XAslPPChGhiSqCjifMtccmM56dMWZEodEky\/AogweH9LBiQmVfo+T2UE2t063ULU9Yx8+D9MKeyEbkY69KY62GmlZ8tdDZQg4mZmTsjnZBZb4lj7QRZnKET+fyz462l1hRf28NCOBwuXErVnS9Udq2wpRhJ8CUfx5dIw9RNdm+15NZbDrl1nkVuvVWQW+8xuXVr5Nbvba+I3HoluXWXTm69SG69zvazyK37iNy6Lya30+g2Yf5nSVCMR2UM4nd0nPl9kmBwS5bdY8TcFyGdgeb0AtCRJ7rdfWj9gOsFpl3E9F4lbGmA5nMrKOr2scgMfYR2cMf\/HdkPGBZPYLy\/UyH7O+KWhO0fGbMAeb\/Tq0Xwfmd5IP+BdAGpS0D7dySUMX179zmwhyI12MfRC2EPnP+7hmqHmAmWZwR7IBg+Ma2YmcO3WyWAVwPd3Qq6\/3r9\/perm\/MLcXp+dn5z\/E788\/jy9Yfj5UP3KdDubH0BbXd7eyWgrcN1Z2u5cK0DtfM8oO5s1YHKo5cB9X3gRGLgF6mNQD4hc1\/Sc52XEVM44wiwzaJ44vACC8Q1ElAySFtcLCfLnOga5RbSlQyMj4K1iPsi7yE1wE3FO8Tc7SzkOeoxSIm52oh8WSVmSgN1ZUZUVqJ1VyqLQUw8ysAQE8okrLUKV6odxEe2KsYns2Sf2uz933zqB\/YsnGtzp17T9TeX61zfV0BA8JK87Gkhpbv1Np\/jbtCl5m5x9OJ0iFs04yLPURi4MhQAu1wbIDwUSGpwx1dJD4qjtzI0P4ThuHk89qowVZXUEm9xEmVxUPZr8oeC5cJK4GuNmyeXwa9H9wrcgome9LVbG\/h\/TllV5sWi8mvX0oWbBRRL8z+5uHg7v7cMX1gxsMHH5tRGLKLkIDaEFp0cV\/Af97G0yvOW+A3SWVMZ+2C5MPO\/hlmsE7kBhgjJKlZdsEz6p7WlwJUvqyIuAjjH+SJJmlfKuI0qt4zMAmBULa9Y98z\/C7rFejJtrg3jVfloZeKi9huO2TQz2hAh\/4Z4EmIj8wfF+L0l6q5sRq2Cdcpspmb\/sglnqyKcaA0Lq9u7RLp52pCHML5Vzz17S849n5QtIHNJJPPN\/lUvqfescL71KO\/cenHeuaqot2zkbdaQd7sSzH0Xbbv9FaLtG5zt9pcfzEqEvXr1LITt9usI49HLK5vF14PI1tycAqVXWRyNYlp4XLXvf0OGC1bOxWnVbRsQ0yi3MxfdqnNEkgyxIxIy99ZycYJVE0U6Ui3X+yllCDsITeIX\/CojuRlGIcEjF1rmOSQOyAQ\/88g3JTfncnGlpZ9J8DrsQVZr5YgQk8QE6OQ8Ezu\/sfSfQGY25YySv8xY4LgMp1+amND9nI20EiFBWe46IKPlmAftzSLgVN9fYhhcr3qzUYF4CoP1sn2IgM\/iY8TAelxyr45FvMMRUoxHsaNb3KlRfCour6SWXzn4Y0sUE5I0NoPXznTs\/uXKIg7zVxXMO867OYrzDYuXst5adP2OkZo7fshzF4a3QsBTt0AWknYYxhoOJPb6gx6+J2E3YDbDuvrXJPcJJ5TH88IxEHKEXLxBYTCjkHJIHfAXK+ihtS+l\/w0=\" \/><\/form> \t<div class=\"pdf24Plugin-cp-link\"> \t\t<a href=\"#\" onclick=\"var pdf24Win = window.open('about:blank', 'pdf24PopWin', 'resizable=yes,scrollbars=yes,width=600,height=250,left='+(screen.width\/2-300)+',top='+(screen.height\/3-125)+''); pdf24Win.focus(); document.pdf24Form0.submit(); if(typeof pdf24OnCreatePDF === 'function'){void(pdf24OnCreatePDF(this,pdf24Win));} return false;\">Diesen Beitrag als PDF herunterladen<\/a> \t<\/div> <\/div>","protected":false},"excerpt":{"rendered":"<p>Auf den beiden folgenden Fotos k\u00f6nnt Ihr euch schon einmal anschauen, wie meine Peugeot 206 T\u00fcren nach dem Einbau der Lautsprecher und der Tweeter aussahen. Somit habt Ihr die M\u00f6glichkeit euch ein Bild von der ganzen Geschichte und dem Resultat machen. Das Ganze war auch wirklich gar nicht kompliziert und auch leicht zu realisieren. Deshalb kann der Einbau auch von Nicht-(Bastel-)Profis durchgef\u00fchrt werden. Nur Mut&#8230; &nbsp; Zur Durchf\u00fchrung des Einbaus ben\u00f6tigt man neben ein wenig Zeit auch noch folgende Utensilien: [&hellip;]<\/p>\n","protected":false},"author":1,"featured_media":0,"parent":463,"menu_order":0,"comment_status":"closed","ping_status":"closed","template":"template-fullwidth.php","meta":{"ngg_post_thumbnail":0,"jetpack_post_was_ever_published":false,"footnotes":""},"class_list":["post-36","page","type-page","status-publish","hentry"],"jetpack_shortlink":"https:\/\/wp.me\/P4qNjn-A","jetpack_sharing_enabled":true,"jetpack_likes_enabled":true,"_links":{"self":[{"href":"https:\/\/www.marcelcuvelier.de\/index.php?rest_route=\/wp\/v2\/pages\/36","targetHints":{"allow":["GET"]}}],"collection":[{"href":"https:\/\/www.marcelcuvelier.de\/index.php?rest_route=\/wp\/v2\/pages"}],"about":[{"href":"https:\/\/www.marcelcuvelier.de\/index.php?rest_route=\/wp\/v2\/types\/page"}],"author":[{"embeddable":true,"href":"https:\/\/www.marcelcuvelier.de\/index.php?rest_route=\/wp\/v2\/users\/1"}],"replies":[{"embeddable":true,"href":"https:\/\/www.marcelcuvelier.de\/index.php?rest_route=%2Fwp%2Fv2%2Fcomments&post=36"}],"version-history":[{"count":32,"href":"https:\/\/www.marcelcuvelier.de\/index.php?rest_route=\/wp\/v2\/pages\/36\/revisions"}],"predecessor-version":[{"id":404,"href":"https:\/\/www.marcelcuvelier.de\/index.php?rest_route=\/wp\/v2\/pages\/36\/revisions\/404"}],"up":[{"embeddable":true,"href":"https:\/\/www.marcelcuvelier.de\/index.php?rest_route=\/wp\/v2\/pages\/463"}],"wp:attachment":[{"href":"https:\/\/www.marcelcuvelier.de\/index.php?rest_route=%2Fwp%2Fv2%2Fmedia&parent=36"}],"curies":[{"name":"wp","href":"https:\/\/api.w.org\/{rel}","templated":true}]}}