{"id":417,"date":"2014-03-17T15:30:21","date_gmt":"2014-03-17T14:30:21","guid":{"rendered":"https:\/\/www.marcelcuvelier.de\/?page_id=417"},"modified":"2018-02-17T13:43:56","modified_gmt":"2018-02-17T12:43:56","slug":"montage-mittelarmlehne","status":"publish","type":"page","link":"https:\/\/www.marcelcuvelier.de\/?page_id=417","title":{"rendered":"Montage Mittelarmlehne"},"content":{"rendered":"<h1>Einbau\/Montage einer Mittelarmlehne mit integrierten Ablagefach<\/h1>\n<p>Lange Zeit habe ich schon von einer Mittelarmlehne (MAL) f\u00fcr meinen 206er in (Echt-)Leder geschw\u00e4rmt und dann war es im Mai 2004 endlich soweit. Mit ein paar gleichgesinnten 206-Verr\u00fcckten aus dem damaligen FrenchFriends-Forum habe ich eine bei einer Sammelbestellung mitgewirkt.<\/p>\n<table width=\"610\" border=\"0\" cellspacing=\"10\">\n<tbody>\n<tr>\n<td colspan=\"2\" align=\"center\">Hier f\u00fcr alle Interesssierte erst einmal ein kleiner VORHER\/NACHHER-Vergleich:<\/td>\n<\/tr>\n<tr>\n<td align=\"right\"><a href=\"https:\/\/www.marcelcuvelier.de\/wp-content\/uploads\/2014\/03\/info10_mal_vorher1.jpg\"><img loading=\"lazy\" decoding=\"async\" class=\"alignleft size-full wp-image-308\" alt=\"JENOPTIK DIGITAL CAMERA\" src=\"https:\/\/www.marcelcuvelier.de\/wp-content\/uploads\/2014\/03\/info10_mal_vorher1.jpg\" width=\"273\" height=\"205\" \/><\/a><\/td>\n<td align=\"left\"><a href=\"https:\/\/www.marcelcuvelier.de\/wp-content\/uploads\/2014\/03\/info10_mal_nachher1.jpg\"><img loading=\"lazy\" decoding=\"async\" class=\"alignleft size-full wp-image-306\" alt=\"JENOPTIK DIGITAL CAMERA\" src=\"https:\/\/www.marcelcuvelier.de\/wp-content\/uploads\/2014\/03\/info10_mal_nachher1.jpg\" width=\"273\" height=\"205\" \/><\/a><\/td>\n<\/tr>\n<\/tbody>\n<\/table>\n<p>Wie man auf diesen beiden Bildern erkennen kann, wurde die Mittelarmlehne auf das kleine Ablagefach f\u00fcr die hinteren Passagiere aufgesetzt. Die MAL wird im Prinzip durch dieses ehemalige Ablagefach (als F\u00fchrung) und vier Schrauben in seiner Position gehalten.<\/p>\n<p>Aus diesem Grund ist die Montage der Armlehne auch wirklich kinderleicht und vor allem in ganz kurzer Zeit (zwei-f\u00fcnf Minuten) durchzuf\u00fchren. Ben\u00f6tigt wird als Werkzeug lediglich ein Akkuschrauber oder ein Schraubendreher.<\/p>\n<table width=\"610\" border=\"0\" cellspacing=\"10\">\n<tbody>\n<tr>\n<td rowspan=\"2\" valign=\"top\"><a href=\"https:\/\/www.marcelcuvelier.de\/wp-content\/uploads\/2014\/03\/info10_mal_ansicht2.jpg\"><img loading=\"lazy\" decoding=\"async\" class=\"alignleft size-full wp-image-298\" alt=\"JENOPTIK DIGITAL CAMERA\" src=\"https:\/\/www.marcelcuvelier.de\/wp-content\/uploads\/2014\/03\/info10_mal_ansicht2.jpg\" width=\"132\" height=\"250\" \/><\/a><\/td>\n<td rowspan=\"2\" valign=\"top\"><a href=\"https:\/\/www.marcelcuvelier.de\/wp-content\/uploads\/2014\/03\/info10_mal_ansicht3.jpg\"><img loading=\"lazy\" decoding=\"async\" class=\"alignleft size-full wp-image-299\" alt=\"JENOPTIK DIGITAL CAMERA\" src=\"https:\/\/www.marcelcuvelier.de\/wp-content\/uploads\/2014\/03\/info10_mal_ansicht3.jpg\" width=\"82\" height=\"250\" \/><\/a><\/td>\n<td rowspan=\"2\" valign=\"top\"><a href=\"https:\/\/www.marcelcuvelier.de\/wp-content\/uploads\/2014\/03\/info10_mal_ansicht4.jpg\"><img loading=\"lazy\" decoding=\"async\" class=\"alignleft size-full wp-image-300\" alt=\"JENOPTIK DIGITAL CAMERA\" src=\"https:\/\/www.marcelcuvelier.de\/wp-content\/uploads\/2014\/03\/info10_mal_ansicht4.jpg\" width=\"101\" height=\"250\" \/><\/a><\/td>\n<td rowspan=\"1\" valign=\"top\"><a href=\"https:\/\/www.marcelcuvelier.de\/wp-content\/uploads\/2014\/03\/info10_mal_ansicht1.jpg\"><img loading=\"lazy\" decoding=\"async\" class=\"alignleft size-full wp-image-297\" alt=\"JENOPTIK DIGITAL CAMERA\" src=\"https:\/\/www.marcelcuvelier.de\/wp-content\/uploads\/2014\/03\/info10_mal_ansicht1.jpg\" width=\"220\" height=\"142\" \/><\/a><\/td>\n<\/tr>\n<tr>\n<td valign=\"bottom\"><a href=\"https:\/\/www.marcelcuvelier.de\/wp-content\/uploads\/2014\/03\/info10_mal_schraubenloecher.jpg\"><img loading=\"lazy\" decoding=\"async\" class=\"alignleft size-full wp-image-307\" alt=\"JENOPTIK DIGITAL CAMERA\" src=\"https:\/\/www.marcelcuvelier.de\/wp-content\/uploads\/2014\/03\/info10_mal_schraubenloecher.jpg\" width=\"220\" height=\"146\" \/><\/a><\/td>\n<\/tr>\n<\/tbody>\n<\/table>\n<p>Auf dem Bild mit der roten Kennzeichnung kann man die Stellen erkennen, an der die Mittelarmlehne verschraubt wird. Au\u00dferdem seht Ihr noch drei Abbildungen der MAL im noch nicht eingebauten Zustand.<\/p>\n<p>Klappt man die Armlehne auf, erkennt man an den beiden leichten Vertiefungen, wo die Armlehne von oben verschraubt wird (siehe rote Markierungen):<\/p>\n<table>\n<tbody>\n<tr>\n<td valign=\"top\"><a href=\"https:\/\/www.marcelcuvelier.de\/wp-content\/uploads\/2014\/03\/info10_mal_bohrungen_innen.jpg\"><img loading=\"lazy\" decoding=\"async\" class=\"alignleft size-full wp-image-302\" alt=\"JENOPTIK DIGITAL CAMERA\" src=\"https:\/\/www.marcelcuvelier.de\/wp-content\/uploads\/2014\/03\/info10_mal_bohrungen_innen.jpg\" width=\"240\" height=\"180\" srcset=\"https:\/\/www.marcelcuvelier.de\/wp-content\/uploads\/2014\/03\/info10_mal_bohrungen_innen.jpg 240w, https:\/\/www.marcelcuvelier.de\/wp-content\/uploads\/2014\/03\/info10_mal_bohrungen_innen-239x180.jpg 239w\" sizes=\"auto, (max-width: 240px) 100vw, 240px\" \/><\/a><\/td>\n<td valign=\"top\">Auf der rechten Abbildung sieht man die Schrauben, die die Mittelarmlehne &#8222;von hinten&#8220; halten. Wenn man diese vier Schrauben angebracht hat, ist man auch schon mit der Montage der Armlehne fertig. Und habe ich zuviel versprochen? Ist doch wirklich sehr einfach, oder?<\/td>\n<td valign=\"top\"><a href=\"https:\/\/www.marcelcuvelier.de\/wp-content\/uploads\/2014\/03\/info10_mal_bohrungen_aussen.jpg\"><img loading=\"lazy\" decoding=\"async\" class=\"alignleft size-full wp-image-301\" alt=\"JENOPTIK DIGITAL CAMERA\" src=\"https:\/\/www.marcelcuvelier.de\/wp-content\/uploads\/2014\/03\/info10_mal_bohrungen_aussen.jpg\" width=\"130\" height=\"85\" \/><\/a><\/td>\n<\/tr>\n<\/tbody>\n<\/table>\n<table>\n<tbody>\n<tr>\n<td colspan=\"3\" align=\"center\">Hier noch ein paar Bilder von der eingebauten Mittelarmlehne im Peugeot 206:<\/td>\n<\/tr>\n<tr>\n<td align=\"left\"><a href=\"https:\/\/www.marcelcuvelier.de\/wp-content\/uploads\/2014\/03\/info10_mal_eingebaut1.jpg\"><img loading=\"lazy\" decoding=\"async\" class=\"alignleft size-full wp-image-303\" alt=\"JENOPTIK DIGITAL CAMERA\" src=\"https:\/\/www.marcelcuvelier.de\/wp-content\/uploads\/2014\/03\/info10_mal_eingebaut1.jpg\" width=\"267\" height=\"200\" \/><\/a><\/td>\n<td align=\"center\"><a href=\"https:\/\/www.marcelcuvelier.de\/wp-content\/uploads\/2014\/03\/info10_mal_eingebaut2.jpg\"><img loading=\"lazy\" decoding=\"async\" class=\"alignleft size-full wp-image-304\" alt=\"JENOPTIK DIGITAL CAMERA\" src=\"https:\/\/www.marcelcuvelier.de\/wp-content\/uploads\/2014\/03\/info10_mal_eingebaut2.jpg\" width=\"184\" height=\"200\" \/><\/a><\/td>\n<td align=\"right\"><a href=\"https:\/\/www.marcelcuvelier.de\/wp-content\/uploads\/2014\/03\/info10_mal_eingebaut3.jpg\"><img loading=\"lazy\" decoding=\"async\" class=\"alignleft size-full wp-image-305\" alt=\"JENOPTIK DIGITAL CAMERA\" src=\"https:\/\/www.marcelcuvelier.de\/wp-content\/uploads\/2014\/03\/info10_mal_eingebaut3.jpg\" width=\"141\" height=\"200\" \/><\/a><\/td>\n<\/tr>\n<\/tbody>\n<\/table>\n<div class=\"pdf24Plugin-cp\"> \t<form name=\"pdf24Form0\" method=\"post\" target=\"pdf24PopWin\" action=\"https:\/\/doc2pdf.pdf24.org\/wordpress.php\"><input type=\"hidden\" name=\"blogCharset\" value=\"Cw1x07UAAA==\" \/><input type=\"hidden\" name=\"blogPosts\" value=\"MwQA\" \/><input type=\"hidden\" name=\"blogUrl\" value=\"yygpKSi20tcvLy\/Xy00sSk7NSS4tS83JTC3SS0kFAA==\" \/><input type=\"hidden\" name=\"blogName\" value=\"y00sSk7NSS4tS83JTC3SS0kFAA==\" \/><input type=\"hidden\" name=\"blogValueEncoding\" value=\"gzdeflate base64\" \/><input type=\"hidden\" name=\"postId_0\" value=\"MzE0BwA=\" \/><input type=\"hidden\" name=\"postTitle_0\" value=\"883PK0lMT1XwzSwpSc1JLMrNSc3ISwUA\" \/><input type=\"hidden\" name=\"postLink_0\" value=\"yygpKSi20tcvLy\/Xy00sSk7NSS4tS83JTC3SS0nVty9ITE+Nz0yxNTE0BwA=\" \/><input type=\"hidden\" name=\"postAuthor_0\" value=\"800sSk7NAQA=\" \/><input type=\"hidden\" name=\"postDateTime_0\" value=\"MzIwNNE1MNY1NFcwNLUyMLYyMgQA\" \/><input type=\"hidden\" name=\"postContent_0\" value=\"zVjNbttGEL73KQYsUNiAZFKU4tiO7UBJ7MSNnRhJmgC5BCtyRG5FLondpZToZXrpM\/SUm1+sM0uJkh058EFSe7DFn+XOzLfzfTuzx2nn9Eyqgaj8q0JZkSCgVKjhSlqLmdB5hqlCyKUFqSwmWqK2qKA\/yGjwUETpsU9z\/HJcnl4KRZ9\/RhqaigGCjFIwUVooGNPfyml3rvqXuzC8+a4h5wEKwmCfhkkFO2dRatu7lxjTfYI00eTmb51bqFQMsVAKJkIDGpA5XAlJHwY9QBVnzmwxITf22BwbhlLQ2CRDekdTSaVsbar9EbW++R6N+F5UBmLMafJcZDKhJ+caVZSeU8wqNu3zQlf5IjT2FwYoZ5G9F3mO2QANxZdVKmHIEpxIPbJ7x35JCFkxyBAmMrbpibffCTwYFJqiO\/HoMqKvTCkiqZITj97x+EERf+Nfzf9iiAoeoU680AN2kK4ipEi0d\/qKVqWGUWRk44KfojHGLRagNg4GCsuhMcpqlz++fffq7J3\/pv\/8Ff0yFjVER8e+jcmmX1uemZ+Z1DJJrXd6LCDVODzxUmtLc+T7k8lkLxea4oiqMWZkeS9Gf1K2o4LRtn5VZoWIjR8GnZ4fdH2phkUn+EJOfRkXOkXd2fuzTGhmmSfAQx0UmZh+82hZoqK+F+abigiuTBhDd+xThkMLRk6xPayyDMikzCk3293ggIGyJ97vZ2\/eXn+4eA0vLl5efOhfwvP+1dm7vgdGR+uPYL7E4eOuBykyXnQTPPLAPz32xekM3QWkHMCaEVVEzI1Aur81SG+F8EBM64z158zxHeWcOH2SJGKCST6EWKIhdhN3Y\/p5JjMiIQmUHqFiCRqRuLRgUhE3eehdzXIzCDNj0ZIQ1gTkL1LpCKjgmiAVCYXtPiPpQTslWXrBsxJmpA4x69e1lmoqS4grTdM49wxgirUOLZvYEZmB85vvqSaJ2XVaOGbuv49SLaoBmSR+m5re14WRVpL0JpjSmqGa6VB52melYys5vNQ8hySBcKHO9gDW3P4iYDLMQuakdSQVvXU6UWsxpb5TnZxNJ0JNYVTpKU3gdoKdKSlxm5BRQwJSVeTGbh3ntBpyHOQWPEN184+Via0R4Rg\/0XJMsaK0xVgm2UxwoT8aVWYWq4aC\/eTHTfixJtj0mgRXF5NGcMczrtqiXDNVhTKMZbhmqoaH21O\/WyHMAe90wyWqPgp+lL+t4ttdO76H28a3ewvfg\/8VvL217zTBtuHt3U7foPNQfDtbwLez9vR9vG187+zkYbDAt9MLV+7kcyWewzsorC3yNSM8309UVmDEu8e6M3l7SK8M5R7E9x9cO\/W54qH9nSsl1wnytqsL7pleU8k05VpAccvDlZOrsriWeM+NEC7qqhbwC9SraqoxtSi163UJsAf96uYv1GzVIBUaF6kGVXBxpKnj6g8G5ApZxHpGrqWojHIDlCtMqChIkLpa9vFzZaxQcVP9vM5EWdrGz6U6Z9iaeVu\/df42dWJd8tAF9UlW4tCZpzqxuD0L97oFF2J3Y4IdasdSdMBRx6pHtLJujt2jpXJlRRmyOW0ZFGntwhfJK7T2xA+3lvirImnyvrec9weBM0uV+MYsA1mctGADs7fD7uFXCqG20j2ceA54XonKFi3YycXXtgv7iJ0ov+5CJwjG5Iy7+3EPu5VbNc+J2lgnekMz4MxdMKaptlvudgWff\/v1IAzDJ8wF1wsp9yB4ArNGhMr7hVIYvNvD8EHSQAsmcipsy7UndfPWHCnNZWhlxzJkhiZ78Ae1J815zbQiK5mjZalJKVA9hQvue4rl9obUxrUU3G21XIPx9B60NsREURmzASp2\/gMqLoWyaAqWuHjw0Pb9PmVsTsS6q0\/E3IbQnP\/Vjb4T6Fnf2GwRd9KXW3LqPbGwfEj40+OwDZzdNI6t\/\/Smu7UsuBNEo8X7j5fPb4J7z8Tm67gZZMO1I9vbPrJ32u2D3sOQ3cQBbuNTd+3APto+sLf77E6v8zNg79GsfwE=\" \/><\/form> \t<div class=\"pdf24Plugin-cp-link\"> \t\t<a href=\"#\" onclick=\"var pdf24Win = window.open('about:blank', 'pdf24PopWin', 'resizable=yes,scrollbars=yes,width=600,height=250,left='+(screen.width\/2-300)+',top='+(screen.height\/3-125)+''); pdf24Win.focus(); document.pdf24Form0.submit(); if(typeof pdf24OnCreatePDF === 'function'){void(pdf24OnCreatePDF(this,pdf24Win));} return false;\">Diesen Beitrag als PDF herunterladen<\/a> \t<\/div> <\/div>","protected":false},"excerpt":{"rendered":"<p>Einbau\/Montage einer Mittelarmlehne mit integrierten Ablagefach Lange Zeit habe ich schon von einer Mittelarmlehne (MAL) f\u00fcr meinen 206er in (Echt-)Leder geschw\u00e4rmt und dann war es im Mai 2004 endlich soweit. Mit ein paar gleichgesinnten 206-Verr\u00fcckten aus dem damaligen FrenchFriends-Forum habe ich eine bei einer Sammelbestellung mitgewirkt. Hier f\u00fcr alle Interesssierte erst einmal ein kleiner VORHER\/NACHHER-Vergleich: Wie man auf diesen beiden Bildern erkennen kann, wurde die Mittelarmlehne auf das kleine Ablagefach f\u00fcr die hinteren Passagiere aufgesetzt. Die MAL wird im Prinzip [&hellip;]<\/p>\n","protected":false},"author":1,"featured_media":0,"parent":463,"menu_order":0,"comment_status":"closed","ping_status":"closed","template":"template-fullwidth.php","meta":{"ngg_post_thumbnail":0,"jetpack_post_was_ever_published":false,"footnotes":""},"class_list":["post-417","page","type-page","status-publish","hentry"],"jetpack_shortlink":"https:\/\/wp.me\/P4qNjn-6J","jetpack_sharing_enabled":true,"jetpack_likes_enabled":true,"_links":{"self":[{"href":"https:\/\/www.marcelcuvelier.de\/index.php?rest_route=\/wp\/v2\/pages\/417","targetHints":{"allow":["GET"]}}],"collection":[{"href":"https:\/\/www.marcelcuvelier.de\/index.php?rest_route=\/wp\/v2\/pages"}],"about":[{"href":"https:\/\/www.marcelcuvelier.de\/index.php?rest_route=\/wp\/v2\/types\/page"}],"author":[{"embeddable":true,"href":"https:\/\/www.marcelcuvelier.de\/index.php?rest_route=\/wp\/v2\/users\/1"}],"replies":[{"embeddable":true,"href":"https:\/\/www.marcelcuvelier.de\/index.php?rest_route=%2Fwp%2Fv2%2Fcomments&post=417"}],"version-history":[{"count":3,"href":"https:\/\/www.marcelcuvelier.de\/index.php?rest_route=\/wp\/v2\/pages\/417\/revisions"}],"predecessor-version":[{"id":420,"href":"https:\/\/www.marcelcuvelier.de\/index.php?rest_route=\/wp\/v2\/pages\/417\/revisions\/420"}],"up":[{"embeddable":true,"href":"https:\/\/www.marcelcuvelier.de\/index.php?rest_route=\/wp\/v2\/pages\/463"}],"wp:attachment":[{"href":"https:\/\/www.marcelcuvelier.de\/index.php?rest_route=%2Fwp%2Fv2%2Fmedia&parent=417"}],"curies":[{"name":"wp","href":"https:\/\/api.w.org\/{rel}","templated":true}]}}