{"id":699,"date":"2019-01-09T11:57:49","date_gmt":"2019-01-09T10:57:49","guid":{"rendered":"https:\/\/www.marcelcuvelier.de\/?page_id=699"},"modified":"2019-01-09T11:57:51","modified_gmt":"2019-01-09T10:57:51","slug":"innenleben-der-peugeot-206er-tuer-3-tuerer","status":"publish","type":"page","link":"https:\/\/www.marcelcuvelier.de\/?page_id=699","title":{"rendered":"Innenleben der Peugeot 206er T\u00fcr (3-T\u00fcrer)"},"content":{"rendered":"\n<p>Die folgende Dokumentation zeigt euch das Innenleben der Peugeot 206 T\u00fcren, um eine konkrete Vorstellung davon zu haben, bevor man diese zerlegt &#8211; aus welchem Grund auch immer. K\u00f6nnte ja ganz hilfreich sein, um evtl. ben\u00f6tigte Teile vorher zu besorgen. Vielleicht hat man ja auch mal Probleme mit der T\u00fcr und die hier gezeigten Abbildungen helfen bei der Behebung des selbigen. <\/p>\n\n\n\n<p>Auf der folgenden Abbildung sieht man den T\u00fcrgriff von innen (schwarzes Kunststoffteil), die dazugeh\u00f6rige Mechanik zum Schlie\u00dfer, das Schloss und die Zuf\u00fchrung der elektrischen Leitungen der Zentralverriegelung. <\/p>\n\n\n\n<div class=\"wp-block-image\"><figure class=\"aligncenter\"><img loading=\"lazy\" decoding=\"async\" width=\"338\" height=\"478\" src=\"https:\/\/www.marcelcuvelier.de\/wp-content\/uploads\/2019\/01\/info20_innentuer1.jpg\" alt=\"\" class=\"wp-image-703\" srcset=\"https:\/\/www.marcelcuvelier.de\/wp-content\/uploads\/2019\/01\/info20_innentuer1.jpg 338w, https:\/\/www.marcelcuvelier.de\/wp-content\/uploads\/2019\/01\/info20_innentuer1-212x300.jpg 212w\" sizes=\"auto, (max-width: 338px) 100vw, 338px\" \/><\/figure><\/div>\n\n\n\n<p>Die folgende Abbildung zeigt nochmals den Griff und die Griffmulde. Oberhalb erkennt man auch die Feder, die den Griff nach Bet\u00e4tigung wieder in die Ausgangsposition zur\u00fcck holt. <\/p>\n\n\n\n<div class=\"wp-block-image\"><figure class=\"aligncenter\"><img loading=\"lazy\" decoding=\"async\" width=\"220\" height=\"172\" src=\"https:\/\/www.marcelcuvelier.de\/wp-content\/uploads\/2019\/01\/info20_griffmulde.jpg\" alt=\"\" class=\"wp-image-704\"\/><\/figure><\/div>\n\n\n\n<p>Auf der n\u00e4chsten Abbildung sieht man den elektrischen Scheibenmotor. Links daneben sieht man die \u00d6ffnung in der die Fensterkurbel arretiert ist, wenn der Peugeot nicht \u00fcber eine elektrischen Fensterheber verf\u00fcgt. <\/p>\n\n\n\n<div class=\"wp-block-image\"><figure class=\"aligncenter\"><img loading=\"lazy\" decoding=\"async\" width=\"374\" height=\"303\" src=\"https:\/\/www.marcelcuvelier.de\/wp-content\/uploads\/2019\/01\/info20_scheibenmotor.jpg\" alt=\"\" class=\"wp-image-705\" srcset=\"https:\/\/www.marcelcuvelier.de\/wp-content\/uploads\/2019\/01\/info20_scheibenmotor.jpg 374w, https:\/\/www.marcelcuvelier.de\/wp-content\/uploads\/2019\/01\/info20_scheibenmotor-300x243.jpg 300w\" sizes=\"auto, (max-width: 374px) 100vw, 374px\" \/><\/figure><\/div>\n\n\n\n<p>Links neben dem elektrischen Fenstermotor befindet sich die Kunststoffhalterung f\u00fcr den Lautsprecher. Daneben ist auch noch die Lautsprecherleitungszuf\u00fchrung zu erkennen. <\/p>\n\n\n\n<div class=\"wp-block-image\"><figure class=\"aligncenter\"><img loading=\"lazy\" decoding=\"async\" width=\"341\" height=\"231\" src=\"https:\/\/www.marcelcuvelier.de\/wp-content\/uploads\/2019\/01\/info20_lautsprecher.jpg\" alt=\"\" class=\"wp-image-706\" srcset=\"https:\/\/www.marcelcuvelier.de\/wp-content\/uploads\/2019\/01\/info20_lautsprecher.jpg 341w, https:\/\/www.marcelcuvelier.de\/wp-content\/uploads\/2019\/01\/info20_lautsprecher-300x203.jpg 300w\" sizes=\"auto, (max-width: 341px) 100vw, 341px\" \/><\/figure><\/div>\n\n\n\n<p>Auf dem linken Foto sieht man nun die Gummit\u00fclle im Inneren der T\u00fcr. Von dort aus gelangen die Kabel durch den &#8222;geribbelten&#8220; Schlauch auf den Systemstecker zwischen T\u00fcr und Fahrgastzelle. Die rechte Abbildung zeigt die Kabeldurchf\u00fchrung vom Inneren der T\u00fcr zum Wageninneren. <\/p>\n\n\n\n<ul class=\"wp-block-gallery columns-2 is-cropped wp-block-gallery-1 is-layout-flex wp-block-gallery-is-layout-flex\"><li class=\"blocks-gallery-item\"><figure><img loading=\"lazy\" decoding=\"async\" width=\"160\" height=\"189\" src=\"https:\/\/www.marcelcuvelier.de\/wp-content\/uploads\/2019\/01\/info20_gummi_innentuer.jpg\" alt=\"\" data-id=\"708\" data-link=\"https:\/\/www.marcelcuvelier.de\/?attachment_id=708\" class=\"wp-image-708\"\/><\/figure><\/li><li class=\"blocks-gallery-item\"><figure><img loading=\"lazy\" decoding=\"async\" width=\"160\" height=\"300\" src=\"https:\/\/www.marcelcuvelier.de\/wp-content\/uploads\/2019\/01\/info20_tuerdurchfuehrung1.jpg\" alt=\"\" data-id=\"709\" data-link=\"https:\/\/www.marcelcuvelier.de\/?attachment_id=709\" class=\"wp-image-709\"\/><\/figure><\/li><\/ul>\n\n\n\n<p>Das folgende linke Foto zeigt das Spiegeldreieck von innen. Hier ist die Kabeldurchf\u00fchrung zu erkennen und die drei Sechskantschrauben, die den Spiegel an die T\u00fcr fixieren. Den Systemstecker, der die Verkabelung zwischen Innenraum und T\u00fcr herstellt, kann durch Drehen der Plastikschelle gel\u00f6st und wie auf dem folgenden Foto rechts und in der Mitte zu sehen abgezogen werden. Es sind viele Steckverbindungen vorhanden, jedoch ist kaum Platz, um eine zus\u00e4tzliche &#8222;normale&#8220; Leitung durch zuziehen. <\/p>\n\n\n\n<ul class=\"wp-block-gallery columns-3 is-cropped wp-block-gallery-2 is-layout-flex wp-block-gallery-is-layout-flex\"><li class=\"blocks-gallery-item\"><figure><img loading=\"lazy\" decoding=\"async\" width=\"243\" height=\"293\" src=\"https:\/\/www.marcelcuvelier.de\/wp-content\/uploads\/2019\/01\/info20_hinter_spiegeldreieck.jpg\" alt=\"\" data-id=\"711\" data-link=\"https:\/\/www.marcelcuvelier.de\/?attachment_id=711\" class=\"wp-image-711\"\/><\/figure><\/li><li class=\"blocks-gallery-item\"><figure><img loading=\"lazy\" decoding=\"async\" width=\"136\" height=\"170\" src=\"https:\/\/www.marcelcuvelier.de\/wp-content\/uploads\/2019\/01\/info20_systemstecker_abgezogen.jpg\" alt=\"\" data-id=\"712\" data-link=\"https:\/\/www.marcelcuvelier.de\/?attachment_id=712\" class=\"wp-image-712\"\/><\/figure><\/li><li class=\"blocks-gallery-item\"><figure><img loading=\"lazy\" decoding=\"async\" width=\"179\" height=\"208\" src=\"https:\/\/www.marcelcuvelier.de\/wp-content\/uploads\/2019\/01\/info20_systemtecker_innenleben.jpg\" alt=\"\" data-id=\"713\" data-link=\"https:\/\/www.marcelcuvelier.de\/?attachment_id=713\" class=\"wp-image-713\"\/><\/figure><\/li><\/ul>\n\n\n\n<p>Auf dem folgenden Bild sieht man eine der drei Nieten, die die T\u00fcrzierleiste (au\u00dfen) halten. Diese Nieten m\u00fcssen einfach nur leicht mit einer (Schnabel-)Zange zusammengedr\u00fcckt werden, um die Leiste dann anschlie\u00dfend von au\u00dfen abziehen zu k\u00f6nnen. Rechts sieht man mal den T\u00fcrpin ohne die entsprechende T\u00fcrverkleidung. <br><\/p>\n\n\n\n<ul class=\"wp-block-gallery columns-2 is-cropped wp-block-gallery-3 is-layout-flex wp-block-gallery-is-layout-flex\"><li class=\"blocks-gallery-item\"><figure><img loading=\"lazy\" decoding=\"async\" width=\"170\" height=\"167\" src=\"https:\/\/www.marcelcuvelier.de\/wp-content\/uploads\/2019\/01\/info20_tuerleistennieten.jpg\" alt=\"\" data-id=\"715\" data-link=\"https:\/\/www.marcelcuvelier.de\/?attachment_id=715\" class=\"wp-image-715\"\/><\/figure><\/li><li class=\"blocks-gallery-item\"><figure><img loading=\"lazy\" decoding=\"async\" width=\"164\" height=\"213\" src=\"https:\/\/www.marcelcuvelier.de\/wp-content\/uploads\/2019\/01\/info20_tuerpin_ohne_verkleidung.jpg\" alt=\"\" data-id=\"716\" data-link=\"https:\/\/www.marcelcuvelier.de\/?attachment_id=716\" class=\"wp-image-716\"\/><\/figure><\/li><\/ul>\n\n\n\n<p>Bei dem unten gezeigten Kunststoffteil handelt es sich um einen Schutz bei seitlichem Unfall. Bei Umbauten sollte dieses unbedingt nicht entfernen werden!  <br>Auf dem rechten Bild sieht man das T\u00fcrschloss mit der entsprechenden dazugeh\u00f6rigen Mechanik. Durchs Drehen, wird der Stift nach unten bzw. oben geschoben und die Mechanik bet\u00e4tigt. <\/p>\n\n\n\n<ul class=\"wp-block-gallery columns-2 is-cropped wp-block-gallery-4 is-layout-flex wp-block-gallery-is-layout-flex\"><li class=\"blocks-gallery-item\"><figure><img loading=\"lazy\" decoding=\"async\" width=\"312\" height=\"151\" src=\"https:\/\/www.marcelcuvelier.de\/wp-content\/uploads\/2019\/01\/info20_kunststoffteil.jpg\" alt=\"\" data-id=\"717\" data-link=\"https:\/\/www.marcelcuvelier.de\/?attachment_id=717\" class=\"wp-image-717\" srcset=\"https:\/\/www.marcelcuvelier.de\/wp-content\/uploads\/2019\/01\/info20_kunststoffteil.jpg 312w, https:\/\/www.marcelcuvelier.de\/wp-content\/uploads\/2019\/01\/info20_kunststoffteil-300x145.jpg 300w\" sizes=\"auto, (max-width: 312px) 100vw, 312px\" \/><\/figure><\/li><li class=\"blocks-gallery-item\"><figure><img loading=\"lazy\" decoding=\"async\" width=\"220\" height=\"151\" src=\"https:\/\/www.marcelcuvelier.de\/wp-content\/uploads\/2019\/01\/info20_tuerschlossmechanik.jpg\" alt=\"\" data-id=\"718\" data-link=\"https:\/\/www.marcelcuvelier.de\/?attachment_id=718\" class=\"wp-image-718\"\/><\/figure><\/li><\/ul>\n\n\n\n<p>Nun mal eine vollst\u00e4ndige Abbildung der rechten T\u00fcr ohne und mit der Original Peugeot Innend\u00e4mmung: <\/p>\n\n\n\n<ul class=\"wp-block-gallery columns-3 is-cropped wp-block-gallery-5 is-layout-flex wp-block-gallery-is-layout-flex\"><li class=\"blocks-gallery-item\"><figure><img loading=\"lazy\" decoding=\"async\" width=\"290\" height=\"205\" src=\"https:\/\/www.marcelcuvelier.de\/wp-content\/uploads\/2019\/01\/info20_rechte_tuer_komplett.jpg\" alt=\"\" data-id=\"719\" data-link=\"https:\/\/www.marcelcuvelier.de\/?attachment_id=719\" class=\"wp-image-719\"\/><\/figure><\/li><li class=\"blocks-gallery-item\"><figure><img loading=\"lazy\" decoding=\"async\" width=\"293\" height=\"205\" src=\"https:\/\/www.marcelcuvelier.de\/wp-content\/uploads\/2019\/01\/info20_rechte_tuer_mit_innenverkleidung_sauber.jpg\" alt=\"\" data-id=\"720\" data-link=\"https:\/\/www.marcelcuvelier.de\/?attachment_id=720\" class=\"wp-image-720\"\/><\/figure><\/li><li class=\"blocks-gallery-item\"><figure><img loading=\"lazy\" decoding=\"async\" width=\"325\" height=\"205\" src=\"https:\/\/www.marcelcuvelier.de\/wp-content\/uploads\/2019\/01\/info20_rechte_tuer_mit_innenverkleidung_und_matte.jpg\" alt=\"\" data-id=\"721\" data-link=\"https:\/\/www.marcelcuvelier.de\/?attachment_id=721\" class=\"wp-image-721\" srcset=\"https:\/\/www.marcelcuvelier.de\/wp-content\/uploads\/2019\/01\/info20_rechte_tuer_mit_innenverkleidung_und_matte.jpg 325w, https:\/\/www.marcelcuvelier.de\/wp-content\/uploads\/2019\/01\/info20_rechte_tuer_mit_innenverkleidung_und_matte-300x189.jpg 300w\" sizes=\"auto, (max-width: 325px) 100vw, 325px\" \/><\/figure><\/li><li class=\"blocks-gallery-item\"><figure><img loading=\"lazy\" decoding=\"async\" width=\"325\" height=\"205\" src=\"https:\/\/www.marcelcuvelier.de\/wp-content\/uploads\/2019\/01\/info20_rechte_tuer_ohne_innenverkleidung_sauber.jpg\" alt=\"\" data-id=\"722\" data-link=\"https:\/\/www.marcelcuvelier.de\/?attachment_id=722\" class=\"wp-image-722\" srcset=\"https:\/\/www.marcelcuvelier.de\/wp-content\/uploads\/2019\/01\/info20_rechte_tuer_ohne_innenverkleidung_sauber.jpg 325w, https:\/\/www.marcelcuvelier.de\/wp-content\/uploads\/2019\/01\/info20_rechte_tuer_ohne_innenverkleidung_sauber-300x189.jpg 300w\" sizes=\"auto, (max-width: 325px) 100vw, 325px\" \/><\/figure><\/li><\/ul>\n<div class=\"pdf24Plugin-cp\"> \t<form name=\"pdf24Form0\" method=\"post\" target=\"pdf24PopWin\" action=\"https:\/\/doc2pdf.pdf24.org\/wordpress.php\"><input type=\"hidden\" name=\"blogCharset\" value=\"Cw1x07UAAA==\" \/><input type=\"hidden\" name=\"blogPosts\" value=\"MwQA\" \/><input type=\"hidden\" name=\"blogUrl\" value=\"yygpKSi20tcvLy\/Xy00sSk7NSS4tS83JTC3SS0kFAA==\" \/><input type=\"hidden\" name=\"blogName\" value=\"y00sSk7NSS4tS83JTC3SS0kFAA==\" \/><input type=\"hidden\" name=\"blogValueEncoding\" value=\"gzdeflate base64\" \/><input type=\"hidden\" name=\"postId_0\" value=\"M7O0BAA=\" \/><input type=\"hidden\" name=\"postTitle_0\" value=\"88zLS83LSU1KzVNISS1SCEgtTU\/NL1EwMjAD8kIO7ylS0DDWBdGpRZoA\" \/><input type=\"hidden\" name=\"postLink_0\" value=\"yygpKSi20tcvLy\/Xy00sSk7NSS4tS83JTC3SS0nVty9ITE+Nz0yxNbO0BAA=\" \/><input type=\"hidden\" name=\"postAuthor_0\" value=\"800sSk7NAQA=\" \/><input type=\"hidden\" name=\"postDateTime_0\" value=\"MzIwtNQ1MNQ1sFQwNLQyMLQysQQA\" \/><input type=\"hidden\" name=\"postContent_0\" value=\"zVnbbhs5En2fr+BqgUUCWJdu2ZadxF4k8MzsYjIXbGayQF4MtprqZsRmCyTbsvUh8zov+YY8+U0\/NqfYLakVSZ5k1dYmgBH1jVUsnjo8VfzmxeTySgo2ylUidCzYVT4uMqEddzLXbCZk4pgohimLuWX\/1lpoJSKhWSwM+0UUicgdC3un7Nf5vRH6iBUZE1ILNs712Agn2NvcWCeUKnSCMW5o0IKlPKKXI3GTG5ZxDCeFFTBnlIDBf\/z9LAyC54wXlk2FGqYiY9+bQse4A1dklgnTYT\/MP2oNC+85S7iesVSqkRESL1i4ULpy41QHZvT8o8NMBPtVSCUYrKbwH45EwuYGM++wtxJO0tcO3jnvFAb29jKu2C8mj5TIBMuk85OnCTNyCa7DNO4kwocLwXkZRVLFmDF+p0KN8F8kpP\/slUhF5GMhLPxUkfTWX3Qnl9\/gH5bjZTHyby6WpDYcs1KkpW90n1xIjByNGIVV0uKwJ3aYTrmZYfQfCm2ddflo5DDrp0fe05jPsGjp\/KOBYfajGKZcyzFCkbE3w1RJMf9DmCO\/2nSdW7uc5LtiNL9PTem8YUKJsTMS9mD2tZCunC89egcAGa5uhDFSJILWvjbFWN6woeLWXrSmk3ak8uG4LTOeiNbli5FMCiMWj7mSiR5iMGHwTGYJUzmPpU4uWorP7lowNszLa27v9LDFpjJ26UWr3z9rIfIySd1F63iAC2uGF63UuYl91u1Op9NOxs0Q0CpuBCZtOrHowplhDlvadYsJGbLdsBecd3tBV+pRHvaufYhdIUzQeT9JWowrDN+qTcZPoz3o9b1BK1zTNhlmNj1izQ3aDoPwtt\/r+cHxewrPJdCDiBYuP2JPMn7b9lF9RrYnt09Z0OvdwAd\/1WLdyxfdctXwA0u7gPEaq6wQXDKKzocpssp6GH\/vIbxAmb\/KChWLDvs5EiblKmLCjAVy3SPfpyS9+Z2IPVQJ1cthNMfTV8LNPyDhyeBU0mvIDv\/iy8KCKxI7ya0sGa4w8\/vhmKW5cofFaBj2VhgNBmFDGE1W8XsYo8etXUu3YCA9\/zBMrXuAgdY4AHwhJLg2y10Oen4t9RgLzLXfL2rfYRnmv49GmoaTJWGUywm6wkIXJhKKcYPdA5N2TFp3hF1Ar+852jP1\/D4iJqINZ82VaixQLR6DhkBcyYGXtz84Xi1vv2KE\/ZfXrgX54RU+aY6FNswyzK8BIlobtw0eug2P++X4vd6DXDQ4rnMRXe3mohKKuhIu2VaseA+wTY8kCMvBcMUyq10UTIT3CLUj2vsJ\/6\/hmJ0Y7KIkSK4qrAOxJUsRzflB6u+pcqu0s9V2CiFSMtyaFDgESI+DFUjDftAQSFU9LA9j9LQ5jH5qlWF2DUC0PmyJ0N7nIfQ4qCOUrnYjtKTcjCkglTAJMNYoE1RZ7o1FBvk5v4dQhQj2ctxUkou0IEQsdrQ4N84rZwgvXkoygjEnVo0LQ4jEPZLYYfg8EUZGeIIA+Du95172efRy7xN4\/Q75keFvOCbRPK3yZimAv+OpSbh1MxLQyAJYo2i5zW1\/6Yj3Ywn\/m3xzLl6R\/hcY0bJ8UkuMQm3kRcJh29yxYa6KTNt2iCRsD00+mYiYffpWO6Cnit\/lhWuPlLjdfGP9OZJKyYVN\/6JdvYnYLBPyi5IvOK0LgLPzpgQAgWSl8NbyL+aOt2V80Rr0zqorQtxfGf0ndw66iurCa3ztP95M5bN1QaHk40cNKdhQ1ChUJSoL4VEZ7Arc+T6BO98WuPPNwHULtRTSKMWWQtrzQ0kPVUpRoTbxVVaM4hc5uioGO+xfVJfSdrQj82obz1KA0zDsDRLYjrl2yHXDC1+tL4R2ZY5VWs5n60jeyjJLrz5ljKOlwnsLW+SDt7ygEd9TgInMO+AHA9H6lgF0H1zQFWtdGZEuGg8IoZNjGoCoEM7MP2KSNADkfkVcWa2C9gHzpFSWs5Xs\/FE6sBSCYP3QPEIJnxNjTgEGmsy3qNGhB9iNhGRgb2hCUJMRbpXFLjUSOFk4Yu9FTLs9BXtMs4GPbrbqh8wKi5JkpiArxIJ8dW5QBIkF8VY1dDXdWTGT5NWX8V7\/Qd4Lvwreg8KriY7zppRxKkn\/XNu1ZNiRxEGwRxLTxxtJjJsHYb\/+ab1obIr9bD1hr5d5sCt64T7RC7dFLzxM9AbnNeT1zhqNXhU8ueyR7opef5\/o9bdFr\/\/gBvJygw5fQZXV5KUnKE\/SRP0\/SeGWdF\/xO6iI6hZMkz3hxfwPoZ8yXw5pr\/esqL5i2fzeWuGHHFEnRheGVV1VapySJcOeQGJq2gjaT9+RQiVy5BnmmIjYd2NcRcCePn39VNqOaTfg2i4alcTMOXWE6Dfou2RMIvQx9YbJu\/+UpL+aLDVzF83TCfaBPNXlPBHiSubTRkuPQfVjOB+X7cvIXDanQPtfhwId1BXo6aBBLVWiRWsPi12ZcLJPJpxsy4STA2nQWm8nDPoNxg2QvCZIXtfBtyN8p\/uE73Rb+E4fJJJX\/gyDhBql+uq4Y\/2ggXlFpJDstuyiVBLINwgLN\/NHIRZax2uhjP0GplCqw2j037IIhTS1C3PIP1EeC5FkiwStw6Lth0mMhNFLofY35tNzQXRl9blBcySVKa1tda6xOMlZS3y9fkKil0ckIDrSZbbSoUfAgon992+cHLmy8VxGJppNOyyPfIxgzP9aqOvliUtU9ahdk4Xt8VdBK33a45e0ctJUV2m8BrNdSTHYJykG25Ji0FyLanMKDMFqoEm1PrBvUwXHJ5\/VpgrCepuKrj5pUz0Sia6ffzSGEiLRKsOzRerugMo+LZBgWwskOHuQP38qSvnh9dYNGM6CAnRMB7GrThkxyoLAfDXsBQrRx4KvfgYxSU1n0tVZiC+h4\/mHLMMAzxqsF0++jnrxvFdX7ScNAaUMssfL9TjPJko4twsp+\/R8gm09n+D8IELFV9ePGzqgsqx5aoLl2lLLaFfrkfL+f44mfbwRTdw8RDT74cn\/JZpI\/usMcRC7ArpPNyPc1s0Ig+b2vC+bHkOQG9gPP99ouVeenX\/WXhme1PdKujrMXnkA5Pmi4wsTeZ8+ULitDxSGj4O7v5rcI6DuIZPNY86rjD8B\" \/><\/form> \t<div class=\"pdf24Plugin-cp-link\"> \t\t<a href=\"#\" onclick=\"var pdf24Win = window.open('about:blank', 'pdf24PopWin', 'resizable=yes,scrollbars=yes,width=600,height=250,left='+(screen.width\/2-300)+',top='+(screen.height\/3-125)+''); pdf24Win.focus(); document.pdf24Form0.submit(); if(typeof pdf24OnCreatePDF === 'function'){void(pdf24OnCreatePDF(this,pdf24Win));} return false;\">Diesen Beitrag als PDF herunterladen<\/a> \t<\/div> <\/div>","protected":false},"excerpt":{"rendered":"<p>Die folgende Dokumentation zeigt euch das Innenleben der Peugeot 206 T\u00fcren, um eine konkrete Vorstellung davon zu haben, bevor man diese zerlegt &#8211; aus welchem Grund auch immer. K\u00f6nnte ja ganz hilfreich sein, um evtl. ben\u00f6tigte Teile vorher zu besorgen. Vielleicht hat man ja auch mal Probleme mit der T\u00fcr und die hier gezeigten Abbildungen helfen bei der Behebung des selbigen. Auf der folgenden Abbildung sieht man den T\u00fcrgriff von innen (schwarzes Kunststoffteil), die dazugeh\u00f6rige Mechanik zum Schlie\u00dfer, das Schloss [&hellip;]<\/p>\n","protected":false},"author":1,"featured_media":0,"parent":463,"menu_order":0,"comment_status":"closed","ping_status":"closed","template":"template-fullwidth.php","meta":{"ngg_post_thumbnail":0,"jetpack_post_was_ever_published":false,"footnotes":""},"class_list":["post-699","page","type-page","status-publish","hentry"],"jetpack_shortlink":"https:\/\/wp.me\/P4qNjn-bh","jetpack_sharing_enabled":true,"jetpack_likes_enabled":true,"_links":{"self":[{"href":"https:\/\/www.marcelcuvelier.de\/index.php?rest_route=\/wp\/v2\/pages\/699","targetHints":{"allow":["GET"]}}],"collection":[{"href":"https:\/\/www.marcelcuvelier.de\/index.php?rest_route=\/wp\/v2\/pages"}],"about":[{"href":"https:\/\/www.marcelcuvelier.de\/index.php?rest_route=\/wp\/v2\/types\/page"}],"author":[{"embeddable":true,"href":"https:\/\/www.marcelcuvelier.de\/index.php?rest_route=\/wp\/v2\/users\/1"}],"replies":[{"embeddable":true,"href":"https:\/\/www.marcelcuvelier.de\/index.php?rest_route=%2Fwp%2Fv2%2Fcomments&post=699"}],"version-history":[{"count":3,"href":"https:\/\/www.marcelcuvelier.de\/index.php?rest_route=\/wp\/v2\/pages\/699\/revisions"}],"predecessor-version":[{"id":723,"href":"https:\/\/www.marcelcuvelier.de\/index.php?rest_route=\/wp\/v2\/pages\/699\/revisions\/723"}],"up":[{"embeddable":true,"href":"https:\/\/www.marcelcuvelier.de\/index.php?rest_route=\/wp\/v2\/pages\/463"}],"wp:attachment":[{"href":"https:\/\/www.marcelcuvelier.de\/index.php?rest_route=%2Fwp%2Fv2%2Fmedia&parent=699"}],"curies":[{"name":"wp","href":"https:\/\/api.w.org\/{rel}","templated":true}]}}