{"id":776,"date":"2019-01-09T13:53:25","date_gmt":"2019-01-09T12:53:25","guid":{"rendered":"https:\/\/www.marcelcuvelier.de\/?page_id=776"},"modified":"2019-01-09T13:53:27","modified_gmt":"2019-01-09T12:53:27","slug":"smart-front-lautsprechereinbau","status":"publish","type":"page","link":"https:\/\/www.marcelcuvelier.de\/?page_id=776","title":{"rendered":"Smart Front Lautsprechereinbau"},"content":{"rendered":"\n<p>Da die Original Smart Lautsprecher klanglich nicht wirklich begeistern k\u00f6nnen, habe ich mich recht fr\u00fch dazu entschieden, diese gegen hochwertigere auszutauschen. F\u00fcr mich pers\u00f6nlich war das erste absolute No-Go, dass es sich beim Standard Lautsprecher um eine EIN-Wege-L\u00f6sung handelt. Aus meiner Sicht ist eine Trennung des Hochtonbereichs und des Tieftonbereichs das mindeste. Ob man nun auch noch eine Aufteilung a la Drei-Wege-System n\u00f6tig hat ist Geschmacksache. Ich habe in meinen bisherigen Fahrzeugen jeweils beide L\u00f6sungen verwendet. <\/p>\n\n\n\n<p>Beim Smart, den ich nun nicht als fahrende Disco umbauen wollte, habe ich mich f\u00fcr ein gutes &#8222;Mittelklassen&#8220;-System entschieden. Von mir wurden SPL Dynamics SD 6.2 eingebaut, die es im Fachhandel mittlerweile f\u00fcr unter 150,&#8211; \u20ac gibt. Das SPL Dynamics System ist ein 16,5cm Zwei-Wege-Komponentensystem. Hier mal ein paar technische Daten:<br>80\/160 Watt, 50-22.000 Hz, SPL (1W\/m) 86dB, Magnetgewicht 10 oz, Einbaudurchmesser 145 mm, Einbautiefe 66mm, Aludruckgu\u00df-Korb, Gummisicke, 25mm Seidenkalottenhocht\u00f6ner mit Neodymmagnet und Frequenzweiche 12dB\/oct. <\/p>\n\n\n\n<p>Die Abmessungen des Tieftonlautsprechers sind f\u00fcr den Smart ForTwo 451 passend, sprich es wird bez\u00fcglich der Tiefe kein Distanzring ben\u00f6tigt, lediglich der Durchmesser ist gr\u00f6\u00dfer als der des Original Lautsprechers, was man aber (siehe dazu unten) mit Hilfe eines scharfen Messers anpassen kann. <\/p>\n\n\n\n<p>Um den Tieft\u00f6ner einbauen zu k\u00f6nnen muss zuvor, wie in meiner Bastelanleitung\u00a0<a href=\"https:\/\/www.marcelcuvelier.de\/?page_id=544\">&#8222;Smart T\u00fcrpanele ausbauen oder austauschen&#8220;<\/a> beschrieben, die beiden T\u00fcrpanels demontieren, um an den vorhandenen Lautsprecher zu gelangen. <\/p>\n\n\n\n<ul class=\"wp-block-gallery columns-2 is-cropped wp-block-gallery-1 is-layout-flex wp-block-gallery-is-layout-flex\"><li class=\"blocks-gallery-item\"><figure><img loading=\"lazy\" decoding=\"async\" width=\"300\" height=\"300\" src=\"https:\/\/www.marcelcuvelier.de\/wp-content\/uploads\/2019\/01\/info03_schutzmatte_wegklappen.jpg\" alt=\"\" data-id=\"779\" data-link=\"https:\/\/www.marcelcuvelier.de\/?attachment_id=779\" class=\"wp-image-779\" srcset=\"https:\/\/www.marcelcuvelier.de\/wp-content\/uploads\/2019\/01\/info03_schutzmatte_wegklappen.jpg 300w, https:\/\/www.marcelcuvelier.de\/wp-content\/uploads\/2019\/01\/info03_schutzmatte_wegklappen-150x150.jpg 150w\" sizes=\"auto, (max-width: 300px) 100vw, 300px\" \/><\/figure><\/li><li class=\"blocks-gallery-item\"><figure><img loading=\"lazy\" decoding=\"async\" width=\"300\" height=\"300\" src=\"https:\/\/www.marcelcuvelier.de\/wp-content\/uploads\/2019\/01\/info03_schutzmatte_weggeklappt.jpg\" alt=\"\" data-id=\"778\" data-link=\"https:\/\/www.marcelcuvelier.de\/?attachment_id=778\" class=\"wp-image-778\" srcset=\"https:\/\/www.marcelcuvelier.de\/wp-content\/uploads\/2019\/01\/info03_schutzmatte_weggeklappt.jpg 300w, https:\/\/www.marcelcuvelier.de\/wp-content\/uploads\/2019\/01\/info03_schutzmatte_weggeklappt-150x150.jpg 150w\" sizes=\"auto, (max-width: 300px) 100vw, 300px\" \/><\/figure><\/li><\/ul>\n\n\n\n<p>Sind die Panels einmal Demontiert hat man Zugang zu den Lautsprechern. Als ersten Schritt muss man nun vorsichtig die graue vorhandene Wetter-Schutzmatte zur Seite schieben. Dazu am besten, wie auf den vorherigen Abbildungen zu sehen, die Matte an den markierten Stellen vorsichtig (damit diese nicht rei\u00dft) zur Seite st\u00fclpen. <\/p>\n\n\n\n<p>Hinter der Matte verbirgt sich dann aber auch schon direkt der vorhandene Original Smart Lautsprecher. Dieser ist mit per Systemstecker an den vorhandenen Kabelbaum verbunden. Urspr\u00fcnglich hatte ich vor, diesen unangetastet zu lassen und neue Leitungen einzuziehen. Doch als ich jedoch feststellte, dass die Leitungen nicht von der T\u00fcr direkt in den Innenraum gef\u00fchrt werden, sondern gesammelt nach vorne zur Haube bzw. zum Service-Schacht hinf\u00fchren und dann dort mittig ins Fahrzeuginnere gef\u00fchrt werden, habe ich mich entschieden, die vorhandenen Leitungen doch weiter zu verwenden. <\/p>\n\n\n\n<ul class=\"wp-block-gallery columns-2 is-cropped wp-block-gallery-2 is-layout-flex wp-block-gallery-is-layout-flex\"><li class=\"blocks-gallery-item\"><figure><img loading=\"lazy\" decoding=\"async\" width=\"300\" height=\"300\" src=\"https:\/\/www.marcelcuvelier.de\/wp-content\/uploads\/2019\/01\/info03_lautsprecher_systemstecker.jpg\" alt=\"\" data-id=\"781\" data-link=\"https:\/\/www.marcelcuvelier.de\/?attachment_id=781\" class=\"wp-image-781\" srcset=\"https:\/\/www.marcelcuvelier.de\/wp-content\/uploads\/2019\/01\/info03_lautsprecher_systemstecker.jpg 300w, https:\/\/www.marcelcuvelier.de\/wp-content\/uploads\/2019\/01\/info03_lautsprecher_systemstecker-150x150.jpg 150w\" sizes=\"auto, (max-width: 300px) 100vw, 300px\" \/><\/figure><\/li><li class=\"blocks-gallery-item\"><figure><img loading=\"lazy\" decoding=\"async\" width=\"300\" height=\"300\" src=\"https:\/\/www.marcelcuvelier.de\/wp-content\/uploads\/2019\/01\/info03_lautsprecher_schrauben.jpg\" alt=\"\" data-id=\"780\" data-link=\"https:\/\/www.marcelcuvelier.de\/?attachment_id=780\" class=\"wp-image-780\" srcset=\"https:\/\/www.marcelcuvelier.de\/wp-content\/uploads\/2019\/01\/info03_lautsprecher_schrauben.jpg 300w, https:\/\/www.marcelcuvelier.de\/wp-content\/uploads\/2019\/01\/info03_lautsprecher_schrauben-150x150.jpg 150w\" sizes=\"auto, (max-width: 300px) 100vw, 300px\" \/><\/figure><\/li><\/ul>\n\n\n\n<p>Den Systemstecker kann man einfach vom Lautsprecher abziehen, indem man die beiden seitlichen Nasen leicht eindr\u00fcckt und an den Stecker vorsichtig zieht.<br>Als n\u00e4chstes muss man die vier Schrauben (siehe Markierungen) l\u00f6sen und schon kann man den Lautsprecher der T\u00fcr entnehmen. <\/p>\n\n\n\n<p>Das vorhandene Lautsprechergitter muss auch durch ein neues ersetzt werden, um den neuen Lautsprecher montieren zu k\u00f6nnen. Das Original Gitter ist nicht wie der Lautsprecher geschraubt, sondern durch Erhitzung der Fixpunkte an dem Kunststoff Chassis quasi genietet. Diese Nieten m\u00fcssen nun entweder mit einem Messer oder wie in meinem Fall mit einem Seitenschneider o.\u00e4. Werkzeug entfernt werden. <\/p>\n\n\n\n<ul class=\"wp-block-gallery columns-2 is-cropped wp-block-gallery-3 is-layout-flex wp-block-gallery-is-layout-flex\"><li class=\"blocks-gallery-item\"><figure><img loading=\"lazy\" decoding=\"async\" width=\"300\" height=\"280\" src=\"https:\/\/www.marcelcuvelier.de\/wp-content\/uploads\/2019\/01\/info03_lautsprechergitter_original_hinten.jpg\" alt=\"\" data-id=\"782\" data-link=\"https:\/\/www.marcelcuvelier.de\/?attachment_id=782\" class=\"wp-image-782\"\/><\/figure><\/li><li class=\"blocks-gallery-item\"><figure><img loading=\"lazy\" decoding=\"async\" width=\"300\" height=\"280\" src=\"https:\/\/www.marcelcuvelier.de\/wp-content\/uploads\/2019\/01\/info03_lautsprechernieten_abknipsen.jpg\" alt=\"\" data-id=\"783\" data-link=\"https:\/\/www.marcelcuvelier.de\/?attachment_id=783\" class=\"wp-image-783\"\/><\/figure><\/li><\/ul>\n\n\n\n<ul class=\"wp-block-gallery columns-2 is-cropped wp-block-gallery-4 is-layout-flex wp-block-gallery-is-layout-flex\"><li class=\"blocks-gallery-item\"><figure><img loading=\"lazy\" decoding=\"async\" width=\"300\" height=\"300\" src=\"https:\/\/www.marcelcuvelier.de\/wp-content\/uploads\/2019\/01\/info03_lautsprechergitter_abnehmen.jpg\" alt=\"\" data-id=\"784\" data-link=\"https:\/\/www.marcelcuvelier.de\/?attachment_id=784\" class=\"wp-image-784\" srcset=\"https:\/\/www.marcelcuvelier.de\/wp-content\/uploads\/2019\/01\/info03_lautsprechergitter_abnehmen.jpg 300w, https:\/\/www.marcelcuvelier.de\/wp-content\/uploads\/2019\/01\/info03_lautsprechergitter_abnehmen-150x150.jpg 150w\" sizes=\"auto, (max-width: 300px) 100vw, 300px\" \/><\/figure><\/li><li class=\"blocks-gallery-item\"><figure><img loading=\"lazy\" decoding=\"async\" width=\"300\" height=\"300\" src=\"https:\/\/www.marcelcuvelier.de\/wp-content\/uploads\/2019\/01\/info03_ohne_lautsprechergitter.jpg\" alt=\"\" data-id=\"785\" data-link=\"https:\/\/www.marcelcuvelier.de\/?attachment_id=785\" class=\"wp-image-785\" srcset=\"https:\/\/www.marcelcuvelier.de\/wp-content\/uploads\/2019\/01\/info03_ohne_lautsprechergitter.jpg 300w, https:\/\/www.marcelcuvelier.de\/wp-content\/uploads\/2019\/01\/info03_ohne_lautsprechergitter-150x150.jpg 150w\" sizes=\"auto, (max-width: 300px) 100vw, 300px\" \/><\/figure><\/li><\/ul>\n\n\n\n<p>Da der vorhandene Durchmesser f\u00fcr den neuen Tieft\u00f6ner nicht ausreichend gro\u00df ist, muss der innere Kunststoffrand mit einem scharfen Messer entfernt werden. Ich habe zuvor noch die &#8222;Ecken&#8220; in denen die Lautsprecherabdeckung Kunsstoffnieten gehalten waren grob mit dem Seitenschneider entfernt, um mir etwas Schneidearbeit zu ersparen. <\/p>\n\n\n\n<ul class=\"wp-block-gallery columns-2 is-cropped wp-block-gallery-5 is-layout-flex wp-block-gallery-is-layout-flex\"><li class=\"blocks-gallery-item\"><figure><img loading=\"lazy\" decoding=\"async\" width=\"300\" height=\"300\" src=\"https:\/\/www.marcelcuvelier.de\/wp-content\/uploads\/2019\/01\/info03_lautsprechergitterhalter_abknipsen.jpg\" alt=\"\" data-id=\"787\" data-link=\"https:\/\/www.marcelcuvelier.de\/?attachment_id=787\" class=\"wp-image-787\" srcset=\"https:\/\/www.marcelcuvelier.de\/wp-content\/uploads\/2019\/01\/info03_lautsprechergitterhalter_abknipsen.jpg 300w, https:\/\/www.marcelcuvelier.de\/wp-content\/uploads\/2019\/01\/info03_lautsprechergitterhalter_abknipsen-150x150.jpg 150w\" sizes=\"auto, (max-width: 300px) 100vw, 300px\" \/><\/figure><\/li><li class=\"blocks-gallery-item\"><figure><img loading=\"lazy\" decoding=\"async\" width=\"300\" height=\"300\" src=\"https:\/\/www.marcelcuvelier.de\/wp-content\/uploads\/2019\/01\/info03_innenrand_abschneiden.jpg\" alt=\"\" data-id=\"786\" data-link=\"https:\/\/www.marcelcuvelier.de\/?attachment_id=786\" class=\"wp-image-786\" srcset=\"https:\/\/www.marcelcuvelier.de\/wp-content\/uploads\/2019\/01\/info03_innenrand_abschneiden.jpg 300w, https:\/\/www.marcelcuvelier.de\/wp-content\/uploads\/2019\/01\/info03_innenrand_abschneiden-150x150.jpg 150w\" sizes=\"auto, (max-width: 300px) 100vw, 300px\" \/><\/figure><\/li><\/ul>\n\n\n\n<p>Ist der gesamte &#8222;innere&#8220; Rand dann vollst\u00e4ndig entfernt worden, sieht die Lautsprecheraussparung der T\u00fcr wie folgt aus (siehe linke Abbildung): <\/p>\n\n\n\n<ul class=\"wp-block-gallery columns-2 is-cropped wp-block-gallery-6 is-layout-flex wp-block-gallery-is-layout-flex\"><li class=\"blocks-gallery-item\"><figure><img loading=\"lazy\" decoding=\"async\" width=\"300\" height=\"300\" src=\"https:\/\/www.marcelcuvelier.de\/wp-content\/uploads\/2019\/01\/info03_fertig_abgeschnitten.jpg\" alt=\"\" data-id=\"788\" data-link=\"https:\/\/www.marcelcuvelier.de\/?attachment_id=788\" class=\"wp-image-788\" srcset=\"https:\/\/www.marcelcuvelier.de\/wp-content\/uploads\/2019\/01\/info03_fertig_abgeschnitten.jpg 300w, https:\/\/www.marcelcuvelier.de\/wp-content\/uploads\/2019\/01\/info03_fertig_abgeschnitten-150x150.jpg 150w\" sizes=\"auto, (max-width: 300px) 100vw, 300px\" \/><\/figure><\/li><li class=\"blocks-gallery-item\"><figure><img loading=\"lazy\" decoding=\"async\" width=\"300\" height=\"300\" src=\"https:\/\/www.marcelcuvelier.de\/wp-content\/uploads\/2019\/01\/info03_spl_dynamics_eingebaut1.jpg\" alt=\"\" data-id=\"789\" data-link=\"https:\/\/www.marcelcuvelier.de\/?attachment_id=789\" class=\"wp-image-789\" srcset=\"https:\/\/www.marcelcuvelier.de\/wp-content\/uploads\/2019\/01\/info03_spl_dynamics_eingebaut1.jpg 300w, https:\/\/www.marcelcuvelier.de\/wp-content\/uploads\/2019\/01\/info03_spl_dynamics_eingebaut1-150x150.jpg 150w\" sizes=\"auto, (max-width: 300px) 100vw, 300px\" \/><\/figure><\/li><\/ul>\n\n\n\n<p>Nun kann der neue Lautsprecher an der T\u00fcr montiert werden. Diesen Schritt f\u00fchrt man am besten zu Zweit durch (ich habe es zwar auch alleine gemacht, aber einfacher geht es zu zweit). Man h\u00e4lt den Lautsprecher auf die gew\u00fcnschte Position und schraubt die beiliegenden Metallschrauben durch die Schraub\u00f6ffnungen des Lautsprechers in die T\u00fcrverkleidung. Von der R\u00fcckseite h\u00e4lt man dann nach einigen Umdrehungen noch zus\u00e4tzlich die Metall Muttern an der Schraube, so dass diese den Lautsprecher fest an die T\u00fcrverkleidung fixiert (siehe rechte obere Abbildung). <\/p>\n\n\n\n<p>Den Systemstecker muss man nun abknipsen und mit neuen entsprechend passenden KFZ-Flachsteckern neu crimpen, um somit den Lautsprecher mit den vorhandenen Leitungen zu verbinden. Der breite Kabelschuh wird mit dem gekennzeichneten Kabel (zweifarbig) vercrimpt &#8211; es handelt sich dabei um die PLUS-Leitung. <\/p>\n\n\n\n<ul class=\"wp-block-gallery columns-2 is-cropped wp-block-gallery-7 is-layout-flex wp-block-gallery-is-layout-flex\"><li class=\"blocks-gallery-item\"><figure><img loading=\"lazy\" decoding=\"async\" width=\"300\" height=\"300\" src=\"https:\/\/www.marcelcuvelier.de\/wp-content\/uploads\/2019\/01\/info03_spl_dynamics_eingebaut2.jpg\" alt=\"\" data-id=\"790\" data-link=\"https:\/\/www.marcelcuvelier.de\/?attachment_id=790\" class=\"wp-image-790\" srcset=\"https:\/\/www.marcelcuvelier.de\/wp-content\/uploads\/2019\/01\/info03_spl_dynamics_eingebaut2.jpg 300w, https:\/\/www.marcelcuvelier.de\/wp-content\/uploads\/2019\/01\/info03_spl_dynamics_eingebaut2-150x150.jpg 150w\" sizes=\"auto, (max-width: 300px) 100vw, 300px\" \/><\/figure><\/li><li class=\"blocks-gallery-item\"><figure><img loading=\"lazy\" decoding=\"async\" width=\"300\" height=\"300\" src=\"https:\/\/www.marcelcuvelier.de\/wp-content\/uploads\/2019\/01\/info03_spl_dynamics_mit_gitter.jpg\" alt=\"\" data-id=\"791\" data-link=\"https:\/\/www.marcelcuvelier.de\/?attachment_id=791\" class=\"wp-image-791\" srcset=\"https:\/\/www.marcelcuvelier.de\/wp-content\/uploads\/2019\/01\/info03_spl_dynamics_mit_gitter.jpg 300w, https:\/\/www.marcelcuvelier.de\/wp-content\/uploads\/2019\/01\/info03_spl_dynamics_mit_gitter-150x150.jpg 150w\" sizes=\"auto, (max-width: 300px) 100vw, 300px\" \/><\/figure><\/li><\/ul>\n\n\n\n<p>Eine wesentliche zus\u00e4tzliche klangliche Verbesserung erh\u00e4lt man zudem, wenn man die Smart T\u00fcren d\u00e4mmt. D\u00e4mmung macht wirklich einiges aus. Wer das nicht glaubt, sollte man ein unged\u00e4mmtes Fahrzeug mit einem ged\u00e4mmten vergleichen bzw. jeweils Probeh\u00f6ren. Als D\u00e4mm-Material werden prim\u00e4r entweder Bitumen-Matten oder Alubutyl verwendet, wobei Alubutyl leichter (zu verarbeiten) ist. Zur Zeit kostet ein Quadratmeter Alubutyl ca. 55,&#8211; \u20ac. Auf der folgenden Abbildung sieht man die Innenseite des T\u00fcrpanels, wo bereits ein St\u00fcck mit Alubutyl ged\u00e4mmt worden ist. <\/p>\n\n\n\n<figure class=\"wp-block-image\"><img loading=\"lazy\" decoding=\"async\" width=\"610\" height=\"364\" src=\"https:\/\/www.marcelcuvelier.de\/wp-content\/uploads\/2019\/01\/info03_tuer_daemmung_alubutyl.jpg\" alt=\"\" class=\"wp-image-792\" srcset=\"https:\/\/www.marcelcuvelier.de\/wp-content\/uploads\/2019\/01\/info03_tuer_daemmung_alubutyl.jpg 610w, https:\/\/www.marcelcuvelier.de\/wp-content\/uploads\/2019\/01\/info03_tuer_daemmung_alubutyl-300x179.jpg 300w\" sizes=\"auto, (max-width: 610px) 100vw, 610px\" \/><\/figure>\n\n\n\n<p>Anmerkung: Lasst zum Innenrand des Panels ruhig etwas Platz, sprich auf H\u00f6he der Falz, denn sonst wird es beim Wiedereinh\u00e4ngen des Panels extrem eng. Glaubt mir, ich wei\u00df wovon ich spreche! <\/p>\n\n\n\n<p>Nun kommen wir zum Einbau des Hocht\u00f6ners bzw. Tweeters. Diesen habe ich auf der aluminiumfarbenden Seiten Abdeckung der Frontkonsole montiert. <\/p>\n\n\n\n<ul class=\"wp-block-gallery columns-2 is-cropped wp-block-gallery-8 is-layout-flex wp-block-gallery-is-layout-flex\"><li class=\"blocks-gallery-item\"><figure><img loading=\"lazy\" decoding=\"async\" width=\"300\" height=\"225\" src=\"https:\/\/www.marcelcuvelier.de\/wp-content\/uploads\/2019\/01\/info03_tweeter_eingebaut1.jpg\" alt=\"\" data-id=\"793\" data-link=\"https:\/\/www.marcelcuvelier.de\/?attachment_id=793\" class=\"wp-image-793\"\/><\/figure><\/li><li class=\"blocks-gallery-item\"><figure><img loading=\"lazy\" decoding=\"async\" width=\"300\" height=\"225\" src=\"https:\/\/www.marcelcuvelier.de\/wp-content\/uploads\/2019\/01\/info03_tweeter_eingebaut2.jpg\" alt=\"\" data-id=\"794\" data-link=\"https:\/\/www.marcelcuvelier.de\/?attachment_id=794\" class=\"wp-image-794\"\/><\/figure><\/li><\/ul>\n\n\n\n<div class=\"wp-block-image\"><figure class=\"aligncenter\"><img loading=\"lazy\" decoding=\"async\" width=\"610\" height=\"387\" src=\"https:\/\/www.marcelcuvelier.de\/wp-content\/uploads\/2019\/01\/info03_tweeter_position1.jpg\" alt=\"\" class=\"wp-image-795\" srcset=\"https:\/\/www.marcelcuvelier.de\/wp-content\/uploads\/2019\/01\/info03_tweeter_position1.jpg 610w, https:\/\/www.marcelcuvelier.de\/wp-content\/uploads\/2019\/01\/info03_tweeter_position1-300x190.jpg 300w\" sizes=\"auto, (max-width: 610px) 100vw, 610px\" \/><\/figure><\/div>\n\n\n\n<p>Um keinen allzu-gro\u00dfen Schaden an dem Armaturenbrett anzurichten, wurde der Tweeter von mir lediglich mit einer Schraube auf der Leiste montiert (siehe rote Markierung). Dabei habe ich darauf geachtet, dass ich nicht die &#8222;Einschubnase&#8220;, die sich unterhalb der Leiste befindet und deren Funktion die Halterung der dahinterliegenden Kunststoffleiste (die dann vorne an der Windschutzscheibe verl\u00e4uft) ist, zu besch\u00e4digen. <\/p>\n\n\n\n<ul class=\"wp-block-gallery columns-2 is-cropped wp-block-gallery-9 is-layout-flex wp-block-gallery-is-layout-flex\"><li class=\"blocks-gallery-item\"><figure><img loading=\"lazy\" decoding=\"async\" width=\"300\" height=\"225\" src=\"https:\/\/www.marcelcuvelier.de\/wp-content\/uploads\/2019\/01\/info03_schraubloch_anzeichnen1.jpg\" alt=\"\" data-id=\"796\" data-link=\"https:\/\/www.marcelcuvelier.de\/?attachment_id=796\" class=\"wp-image-796\"\/><\/figure><\/li><li class=\"blocks-gallery-item\"><figure><img loading=\"lazy\" decoding=\"async\" width=\"300\" height=\"225\" src=\"https:\/\/www.marcelcuvelier.de\/wp-content\/uploads\/2019\/01\/info03_schraubloch_anzeichnen2.jpg\" alt=\"\" data-id=\"797\" data-link=\"https:\/\/www.marcelcuvelier.de\/?attachment_id=797\" class=\"wp-image-797\"\/><\/figure><\/li><\/ul>\n\n\n\n<p>Als ersten Schritt der Seitenleisten Demontage muss eine Torxschraube, die von unten die Leiste mit dem Armaturenbrett verbindet, entfernt werden. <\/p>\n\n\n\n<ul class=\"wp-block-gallery columns-2 is-cropped wp-block-gallery-10 is-layout-flex wp-block-gallery-is-layout-flex\"><li class=\"blocks-gallery-item\"><figure><img loading=\"lazy\" decoding=\"async\" width=\"300\" height=\"280\" src=\"https:\/\/www.marcelcuvelier.de\/wp-content\/uploads\/2019\/01\/info03_seitenleiste_schraube_markiert.jpg\" alt=\"\" data-id=\"799\" data-link=\"https:\/\/www.marcelcuvelier.de\/?attachment_id=799\" class=\"wp-image-799\"\/><\/figure><\/li><li class=\"blocks-gallery-item\"><figure><img loading=\"lazy\" decoding=\"async\" width=\"300\" height=\"280\" src=\"https:\/\/www.marcelcuvelier.de\/wp-content\/uploads\/2019\/01\/info03_seitenleiste_schraube_entfernen.jpg\" alt=\"\" data-id=\"798\" data-link=\"https:\/\/www.marcelcuvelier.de\/?attachment_id=798\" class=\"wp-image-798\"\/><\/figure><\/li><\/ul>\n\n\n\n<p>Nun zieht man die Leiste unten aus der Halterung heraus. Dazu die Leiste vorsichtig in Richtung T\u00fcr ziehen (sieh folgende Abbildungen). Die Leiste ist dort nochmals zus\u00e4tzlich mit einer Haltenase im Armaturenbrett fixiert. <\/p>\n\n\n\n<ul class=\"wp-block-gallery columns-2 is-cropped wp-block-gallery-11 is-layout-flex wp-block-gallery-is-layout-flex\"><li class=\"blocks-gallery-item\"><figure><img loading=\"lazy\" decoding=\"async\" width=\"300\" height=\"225\" src=\"https:\/\/www.marcelcuvelier.de\/wp-content\/uploads\/2019\/01\/info03_seitenleiste_abziehen.jpg\" alt=\"\" data-id=\"801\" data-link=\"https:\/\/www.marcelcuvelier.de\/?attachment_id=801\" class=\"wp-image-801\"\/><\/figure><\/li><li class=\"blocks-gallery-item\"><figure><img loading=\"lazy\" decoding=\"async\" width=\"300\" height=\"225\" src=\"https:\/\/www.marcelcuvelier.de\/wp-content\/uploads\/2019\/01\/info03_seitenleiste_abgezogen.jpg\" alt=\"\" data-id=\"800\" data-link=\"https:\/\/www.marcelcuvelier.de\/?attachment_id=800\" class=\"wp-image-800\"\/><\/figure><\/li><\/ul>\n\n\n\n<p>Danach kann man die Leiste dann vollst\u00e4ndig abziehen. Daf\u00fcr die Leiste einfach in Richtung Heck ziehen.<\/p>\n\n\n\n<ul class=\"wp-block-gallery columns-2 is-cropped wp-block-gallery-12 is-layout-flex wp-block-gallery-is-layout-flex\"><li class=\"blocks-gallery-item\"><figure><img loading=\"lazy\" decoding=\"async\" width=\"300\" height=\"400\" src=\"https:\/\/www.marcelcuvelier.de\/wp-content\/uploads\/2019\/01\/info03_seitenleiste_abziehen_zum_heck2.jpg\" alt=\"\" data-id=\"803\" data-link=\"https:\/\/www.marcelcuvelier.de\/?attachment_id=803\" class=\"wp-image-803\" srcset=\"https:\/\/www.marcelcuvelier.de\/wp-content\/uploads\/2019\/01\/info03_seitenleiste_abziehen_zum_heck2.jpg 300w, https:\/\/www.marcelcuvelier.de\/wp-content\/uploads\/2019\/01\/info03_seitenleiste_abziehen_zum_heck2-225x300.jpg 225w\" sizes=\"auto, (max-width: 300px) 100vw, 300px\" \/><\/figure><\/li><li class=\"blocks-gallery-item\"><figure><img loading=\"lazy\" decoding=\"async\" width=\"300\" height=\"400\" src=\"https:\/\/www.marcelcuvelier.de\/wp-content\/uploads\/2019\/01\/info03_seitenleiste_abziehen_zum_heck1.jpg\" alt=\"\" data-id=\"802\" data-link=\"https:\/\/www.marcelcuvelier.de\/?attachment_id=802\" class=\"wp-image-802\" srcset=\"https:\/\/www.marcelcuvelier.de\/wp-content\/uploads\/2019\/01\/info03_seitenleiste_abziehen_zum_heck1.jpg 300w, https:\/\/www.marcelcuvelier.de\/wp-content\/uploads\/2019\/01\/info03_seitenleiste_abziehen_zum_heck1-225x300.jpg 225w\" sizes=\"auto, (max-width: 300px) 100vw, 300px\" \/><\/figure><\/li><\/ul>\n\n\n\n<p>Nun kann man den Tweeter an der vorher angezeichneten Position verschrauben. Dazu habe ich die mitgelieferten Metallschrauben verwendet und das Geh\u00e4use handfest angezogen (denkt immer daran: nach fest kommt lose!). Das Tweeter-Anschlusskabel verschwindet dann direkt unterhalb der Seitenleiste, so dass es von au\u00dfen so gut wir gar nicht einsichtbar ist. Man h\u00e4tte den Tweeter auch ein kleines St\u00fcck weiter nach vorne setzen k\u00f6nnen und ein zus\u00e4tzliches Loch in die Seitenleiste bohren k\u00f6nnen, in dem man dann das Kabel nach unten f\u00fchrt. Aber das wollte ich nicht und meine gew\u00e4hlte Variante f\u00e4llt auch nicht auf. <\/p>\n\n\n\n<p>Nachdem dann nun alle Lautsprecher montiert sind, fehlt nur noch die Verkabelung der Frequenzweichen. Diese habe ich auf der jeweiligen Lautsprecherseite im Fu\u00dfraum versteckt montiert. Zur Befestigung habe ich in diesem Fall Spiegelkleber (Montageband) verwendet. Beide Oberfl\u00e4chen auf der das Montageband haften soll, sollten zuvor kurz mit Alkohol gereinigt werden. <\/p>\n\n\n\n<div class=\"wp-block-image\"><figure class=\"aligncenter\"><img loading=\"lazy\" decoding=\"async\" width=\"330\" height=\"200\" src=\"https:\/\/www.marcelcuvelier.de\/wp-content\/uploads\/2019\/01\/info03_montageband.jpg\" alt=\"\" class=\"wp-image-804\" srcset=\"https:\/\/www.marcelcuvelier.de\/wp-content\/uploads\/2019\/01\/info03_montageband.jpg 330w, https:\/\/www.marcelcuvelier.de\/wp-content\/uploads\/2019\/01\/info03_montageband-300x182.jpg 300w\" sizes=\"auto, (max-width: 330px) 100vw, 330px\" \/><\/figure><\/div>\n\n\n\n<p>Danach braucht man nur noch die Leitungen von der Frequenzweiche zur Endstufe bzw. zum Radio zu f\u00fchren und anzuklemmen. Auf der vorherigen rechten Abbildung sieht man die Verkabelung der vorhandenen Lautsprecherleitungen zu den Frequenzweichen. Damit die Leitungen nicht &#8222;frei schwebend&#8220; im Fu\u00dfraum h\u00e4ngen, habe ich kleine selbstklebende Kabelbinderstege an verschiedenen Positionen angebracht und die Leitungen dann mit Kabelbinder dort fixiert. Schon sind die Lautsprecher eingebaut und sauber verkabelt <\/p>\n\n\n\n<ul class=\"wp-block-gallery columns-2 is-cropped wp-block-gallery-13 is-layout-flex wp-block-gallery-is-layout-flex\"><li class=\"blocks-gallery-item\"><figure><img loading=\"lazy\" decoding=\"async\" width=\"300\" height=\"225\" src=\"https:\/\/www.marcelcuvelier.de\/wp-content\/uploads\/2019\/01\/info03_frequenzweiche_montiert.jpg\" alt=\"\" data-id=\"805\" data-link=\"https:\/\/www.marcelcuvelier.de\/?attachment_id=805\" class=\"wp-image-805\"\/><\/figure><\/li><li class=\"blocks-gallery-item\"><figure><img loading=\"lazy\" decoding=\"async\" width=\"300\" height=\"225\" src=\"https:\/\/www.marcelcuvelier.de\/wp-content\/uploads\/2019\/01\/info03_verkabelung1.jpg\" alt=\"\" data-id=\"806\" data-link=\"https:\/\/www.marcelcuvelier.de\/?attachment_id=806\" class=\"wp-image-806\"\/><\/figure><\/li><\/ul>\n\n\n\n<p>Solltet Ihr euch auch neue Lautsprecher g\u00f6nnen, w\u00fcnsche ich euch gutes Gelingen und viel Spa\u00df mit eurem neuen Sounderlebnis. <\/p>\n<div class=\"pdf24Plugin-cp\"> \t<form name=\"pdf24Form0\" method=\"post\" target=\"pdf24PopWin\" action=\"https:\/\/doc2pdf.pdf24.org\/wordpress.php\"><input type=\"hidden\" name=\"blogCharset\" value=\"Cw1x07UAAA==\" \/><input type=\"hidden\" name=\"blogPosts\" value=\"MwQA\" \/><input type=\"hidden\" name=\"blogUrl\" value=\"yygpKSi20tcvLy\/Xy00sSk7NSS4tS83JTC3SS0kFAA==\" \/><input type=\"hidden\" name=\"blogName\" value=\"y00sSk7NSS4tS83JTC3SS0kFAA==\" \/><input type=\"hidden\" name=\"blogValueEncoding\" value=\"gzdeflate base64\" \/><input type=\"hidden\" name=\"postId_0\" value=\"Mzc3AwA=\" \/><input type=\"hidden\" name=\"postTitle_0\" value=\"C85NLCpRcCvKzytR8EksLSkuKEpNzkgtSs3MS0osBQA=\" \/><input type=\"hidden\" name=\"postLink_0\" value=\"yygpKSi20tcvLy\/Xy00sSk7NSS4tS83JTC3SS0nVty9ITE+Nz0yxNTc3AwA=\" \/><input type=\"hidden\" name=\"postAuthor_0\" value=\"800sSk7NAQA=\" \/><input type=\"hidden\" name=\"postDateTime_0\" value=\"MzIwtNQ1MNQ1sFQwNLYyMLQyMgUA\" \/><input type=\"hidden\" name=\"postContent_0\" value=\"7VzdchPJkr4\/T1HHG7GBIyxbkn+wGGDDrDEQAww7ZoYIbhwldanVo+5qnepqy+jyvAjnwpfnmiuuVm+yT7JfZlX\/yG6Z3ZDEDrBEAFKruiorKyvzq\/ypvzycPD6VIoiU+MVEYaRlLM4Taax4KXObTYwajJQR41jqMI4GI6HxjxXTyIz5a1+FKsqsMlqM55+0VnpHjGRfCfoxoX+oByuGZv55JAI5y4XSNhuMIhVQWwycKRGiFy1G6WA0VcZGoTJKyDyb5Rb\/ggC9K87mn43rcKJMhqF4+Kk06DQTeGTxSj9L4xwfXqetZ+kO\/YKfMpE5SqNEnFupA2mCxdnliVCRVuLpi9etdyCl9XL+Kct1iJnoQMV2V5zkmUiojRHnzADM2b3z1iitqW2AgZ5jBjbVfdCPVpnIdcDP30ZqWH9OJCcR+gbVu+KXvkikFugFkyYWoxfX+Uk+tCqKqXspYilO8b6j8PwDXk2Enn8Cu0Cno+iZArcSORhnEhPbFS\/QkVsN7cjXoh9lmHJE\/D6TIzNTOX38Q00xTkZMCpTw08fzS2WmCnSCBQ\/3Jo\/\/gj8QmCfMSpIS8BitWC5AvZMNiX6G6JreE6dRNkjB4L7M0XCaxrFVNyVkSEsL6kSItcvEv\/7Lcbfb\/elVZK2KIXhZpjQ\/a\/9UTLsmQrvi9xSTi4yY5oaIOX\/zUpx+0BJdZ+L8VBztdqnzUIEEywJHIoEJnIFHboHxurUxTTWKlSMn15Bp0Tls79DQnc5P4r\/+\/k8RRn1w4hSrtziKo8rLhOgc7RwOEvF+WizWz2kyScF8q3TGTXfF8wjdJ9hs9MJEQowtZFFHJO0YAC0fPOybx8ftvc5RW7yTFqQftlvd7m673RbPZztMwb3Ou71kWxwfBU92xCsZamVDNeVV6LRFilZPI415B7mBXChwEnM6OBRJUvxiIZlKHB3Rk5M4D0w+GIf5\/CNoNv0d8SxPkgjbZ4xF6x4mWHUSED2WcYrV0bRjLfYizSWy4rVKgw9JwnSw7J8Z9Tes+2xKYq9Epxs82UsHi8J0igU56RNxTuRq+yWubVLaxeiRF4eXmZXUWWreTlNxcNgBE0lQgh2BN0iq0A20VACRns0\/O90VgM63POExsR2yCXUwMxAOtHJbCWyOVRBV7U9rrKMFDs380\/wjvpCYUwOit1SddbWS7UA9Zby1Ie5G3MsiBSawDiTx0tvMtOdRDIJoc2KKg5E0Q8zuFQ+YCandtMRYar3Att8SZgNzyq2A4gXFM\/TvdbFIcmjAWX6ZGhATVXrAiCcSggitHqvIgvH\/+Y+HUmDPDh9tjaydZA\/29qbT6S6YPFDxIL9UMQR2N1B7\/zaRobqIgkeHBwdbj\/1edYvxFmszkVrFrLwdLSmxCN8KRe438sM9+Rg8xyMTqb43BE776KofYnCSasiooSZQ01LzrDEf3rk0xQVNjqmHNKtQ1bmVx2JAeuTR1nTS6sfpYNwKZYwN\/0EMYDASnbW6WNzWwKSTiQrEzVatDv0ayw9pblvDWF3dbrH4+9bjh3FUjMkNs6ol9j9+H0ZhbtTjh1ESijiVAYTw0VYsZx+2MMNB6r7L7IMebGHlAjt6tLXfbm+JkYrCkfVfMjP40nqB0kFK0mb38gkNlO11253eXruzF+lh2t6\/wCLkdpZAxaiLqQqhccEEvfvHJNyCkGMoUCStbGHNt+7f7\/lvcaTHX5QV9Clp92hLEsMvVwsRQVGoFj\/EPDJlNzkVAX5NYXg2MkALduIKf3kg\/D\/FjKKZwjQhm8Ah9xJ51eJFfEB0TK62oZ7bl6CHv22JvccP9wqB2Iujb1h6QsU8scvE53gV8TluEp\/jjYlPfS6bkZ9ihPUL0F4eF5binOwmqdc3TqdC\/xPwOC1Uq2X4SGbqfR5CdZISDW4oVmjTk9jDbNheUtvWOutSQFfoZMLZBEdpsNBA\/9cUtXinMGnTOq84gIEMAQp8YjTXJ6V9SuZRJmQcLCl9sloyH5Zq32PXk34\/igOHGPBCBsvqjcgr7tobCqzRmKZIRMPcxWqBznuBJAvsziAOvAJgzz\/a7Tppdv45nqhF6\/s8YnxIxs2NB6Dcj0xo3VkjgLV2Rp8BPWYHjBpERo0tv1Njyx2nLjCDKHO4gwid0PGDAST+ApOZJnv4M8aNYXwTpinXjJF\/M+h0\/tmf4UZMMn1iYMDz18AkZDct4QJLPHXIm3GcVljLlw4p4BEkaJbPCM3QgtFphcAQ9feHCujrEItH8ILBPp\/CaGWqDhyvL4kpBMkY0znuRG5CLwi9GJpEqAD5RuAMToZ8YsxSTAnHzVBlMklwOhNauploJ1HPZY7TRX823cVXQqzmMhooEjxJo46wFalHPzVeqiA1zGESikhn5ckoAhlG3aZh8fxy80C7CE\/KSTNnpiRTjFOKo9VagUr3ewYq9ePARVbfB0uszXFnBWtDL9+yNvRwXdbm7umsyeAsH+RHBi2LXIE1I5WxDPIet1eRonaTFLU3JUX1qWxEgooBNopYTslcL9g5Ov4y0oDpGTp1nyye\/GTfGaQdQX61hBvXzpQZ9C7ZPnx8LcmsxYptEPoLYBgHY+ew8Pb03A9bwwrUu90lnwwBIT2\/Howy8laVGIgVP3l1zgseFSf+Vw6EsBXYFvH8U2FWHS4o53YTdFXGEcujFQnVoudEZnUkUX81JOeZccQxBGEPEDubyJYzklN2Vlm03LkT6McbRJQH8JpfwfnASujyzI1GMKVwDysmfqGjUHnpsZURd2Q9NaPIzpwT1Yiz6GqS63EB4hLxc64JTqTDofj3EbZSlIm\/5TKL0KOOlCXnJAMl8Zq+gZfzz4xcCJWCc1MVeP8UeT4S71txnom6T4Q8gnFca8j4T4NoTTKEN3bn17vAsWZM2IC6HmIOBQ\/Xacb3\/3xmvHu8CeXr5PQi9ZJ0MSJcvVQRd1dRxN0mRdzd+upWbDOM5I2gL2R\/rKNJtpyF+6uwcL+Jhftby1X5yhvh4EfBs34jyL7X80uW72CV5TtoWr6DzUCRhvlsAI\/cGOVHhrQprFQDb5YJ0uEqgnTYJEiH6xOkO+ayJiFaMsJmUa286fupx5bKwJaDYLW4jo+q5hkHjxVwY2jS+UeCWzsO4VG33lVRYSWDQWpg5kZo6TZ6KWPFHC5yQWjCtD7E8xSAuIjeeC+NcqC3DvJkH2I\/JiRHhDAdzjIBq40ghRQDloQlMYU+Uxc0AK2CNoalFNpVliJp576BNAD17KICip1Qd+vEXoc\/lsnhVTFfBg73V1EY95sUxv1NWp6maW3MAN0c7Ee2Q5Hz3OoA7Ch29FKhOlpFqI6ahOpofUK1dCZrkqPG\/jdqgV5kLvzArnNbqnZnOgrd\/qssvOKXaRxndn6tg6h+2k29H54cIrcNAOwRVHJxlmfvBR2yh2kcshErnCK05KoK42w\/WKMKP\/qeVfiQM+QgM+xP0aSAlu6vVaKtx03R1uM1RluXTWRN26up+x86UD+JLwKfsXZRJsR1lonOKnkex015HsfrzPNYPpd1BeqbR9ioen6de2cwaU4Xcl3wcNeipWXovkDvpy6GW0TmfbySc8+KWDoBZspJtN7rei8qEL\/KxIwyadlTTPJLuaehSiheuuPi2N7vzsaD3OaUVSYor89u74pXGGY0v47tbRc2h+4pHUBN558J4sPsvEmzyEZp6QNnn3DhrMcShRwWxUHFgpYy4uCppmbewz7\/hNNFlTS4kHvHRxQ0JW5dKjPGnMjMuGxRYuOv5PTPOMLvSGcPPHGfw8mYL+cZ\/JYERo181JqORLM8m1\/bmcsPpHQDplK8yi0nQftFKmIA5OkuA+CZus0fipQL2UirGEZXvMbeYnIitRIpZRHXDOdiSOBW5GQhR6NEqMx6On650yZFsB1FeOwTKSmV4Ox96yyWHOmgzvhwKgYmSiY+ZpCl7gx3M2bgHzYHwl3wux+54Pcp2vcNLwSnLlCKzMilbhbnw1Dh7KlndPzVfJjkhuIeyd8Qp8Eo3KYemTArioRdiITP3y6SMiBeHOigXJiXv523PEnrPD3e\/64zBRuVYneJCemtEjftNcVNe+1Nm5Duxk1I9\/8xiGcJdvfFnU7K3irpG72m9I1eZ0MCtDiXTQhQNcJGMchTMv1TwhIuXF63d6oqA1Lid2hw9iSSpVKmsqGzHCp7B30UUW0y2GV+ONnq+XWSUMyW\/qe3GWdUJUXO9FLcOuNoK1fLOCdoGBfhY0otKxICBJkV16uqcrdqvs\/yVy5oCWPnR3UpYkXlyxsDwzqaf2JvIoX4mbzWKwmORzL2QEtMYGPm16aKKz+BCaHQA6cB+nz3kzjv5\/ZDXJXPgB8pWZ\/yF5d+QFUBzho6nyblB0QZePM+N+I9QbVxyul4NMv\/yGVgpE2UrQ8xkLvi8LBepULVSkNGIXTodpa8hAv+2F4sDOfZORTEdRdl5j0RLLheyXLGqDi3BJiYqeXYBV+9T8CRXtpSJ2K37Clvxa3\/lTY66tS10dHBmrSRzZW5CKRiKbyQflYLyui2BumuT4MsH19gxmtQIM0DtKAGrjr3e6WmukN\/gI6a\/uBvC\/rDa40TnQC3YpAHwIFZZjnx8kXh32LR8snHJh+RM4n9+W9iaWdlvQ6dFJ7PP41c5siZjGdcXKYpVySzDhCqzJXxvaNkS8imhtop8X+R3nxlDZeIAdc9Y31BIYQdTtecUnYvpJUyT+m7B6x\/rUNoPoWlSUKhisjwTFypVFXhx3GZzOmPt1NFGzIrj2Blbqj0uxB8T6DS8oSgqtuOLuCBXVlES3jKBqs5xmTTWJUHvHVi0+M\/YVZJ93Bdm9mtw5c9G71VUiB6TSkQvf3\/gyySzTFuKZ5fJfmg15R8gIfLsUgQXS61HYumRcZRqAdUXmlWsSs+ILU+jk68n6PzBZOyxsh549DrsiY3+3aGpNdehyF5uIf1rtU2jl21MjbNLG9xvNt5tySpT58XeGISafGy7htlyYsyyw2jKioboWJg5y9zZHO1AcWSq\/LOAiBW7ppSZ7\/kovbKzVa4YFJbT+fcpjxIgnWlzg+koS5CRZCWYB\/7fqq6+XpAPSJ3WN7XMitiL656gJ0VXH88knG\/Tk5fDclpYn1dOYHpM8qUjFKH5p5zHLKwJ4HkbDpTedSq5IDYdXiP3vKxHiqf8N6rdxjFVSpRzWbU5\/KWeH6dD+22SzsAaOXqzfl1EK251rL3PVsp780ElaMLWXi09FJTtUp8tNcUH8XDb9hUNXNvqb1aJWWh15SygId3nZ0bKuTYF8xgz+047cvu0J3zzLo7JFJzlZUeY1dBpF2NeFE4xdrIu0Nv6L3Cl4ptucGU5E77e85JzmprVBY5XBTVg8sEbJUYWa8pRoaH33A+cjMTvUwuDVL3VglS95qC1Hj4pTDbbMEL4veX23CUo0DbtjKmLq3Bl6bW2teqQyItfqWP1JwDdK4YxeGG0g9Tr1rd5gNj0RWVTnARIsWYEqqmrMeZKqDCRBFioAtMbugBHy5a66bvfNfGuC6vRf1Qs5Qet1fwRfPLN6WUHn7LpniRd6GapeFy5rVXYV67iXntrbtTbTmIW1VWVTvtdmZTufLY4C4Lt2pdlJvV9\/dzNRj7\/b27xq32JyzdPWi3N7nVLmZ5cjECN7vL5GZ\/FbnZb5Kb\/TUGgL48p3UFgu4eqYVtfYWReER8\/vNHFL+WYHWWCVZ3FcHqNglW92sJVuerCVZn\/YLVlO1UlL4WjhrvhHCXfQi6k6KW+VHmDuHUU1U7O2hWeWEiPiyFxImhu\/3jZjJRGZnzl0Bk4pkaza9zICtKGvFpOd6siXt055kF5krYr2KkfuDShLgdRQss9kGm\/rrtKmP9VFon5OKJcc4bc8KKo3nqfDju4gl368Wit6d+YKwSiFTGp0KZsysMT8OcoyIilEWNCKwVA9K+NC4W5xOzrFWLHM59LfA4dveO+eCev5yidp8GFQmr8mpH5hW9Vw8KZ+Jl6iwkR3prtIt+ytdslBdDRs5vV2ZaEdtdKg8P6fC3S13bBVb2oV93aWDNica5Sz5HbTq\/HtGvv0sTSbyP16\/R3F+k6Ctnhgs5Uq8xFpHhkr1ydjKqxppny3fO7WCVR3TNSF6rivldGV7TKnhTv+muSMi7HQxy4WZOLVvIV+MQLF1KiOU1\/vIWzrqytVAQRYWfKJI57Cm+ntL37pifFSXM5xNy+cVYXb537pVzOPQh19v1Gx2f8GWPv6DNMKZ6dj78DL3vMBO11zDS0LLUxXERfde+UGicm5kPC4\/TUUpRYcMh\/AYvxFfw6e\/v1\/Hu2uxMUjHjTm\/+cXuNBZU3BhWY2xqUfq1X58E\/7v5PPPgYvK7g9+\/04HsA3je0D63PP6xtnyoZsLgE6MZVkXSRz1MdZDYf1u7y+RUikJLzuX6DD\/n9IeoJX49QpD7UropyeZPLcyBubuVllwvG9QRGUqe393xxndStq468z3+InUEZr1O66yooq+lq294HtGtXDDkdDU0c9zPLW5o8Ce6WJ7IkpCZCdt0788L3ENUsJcdLsNxGFrpzkUBWg0R3rUvniygdCud8T0VW3CO2oCrLsKHL5iXraogSZqldpy9i\/3v2RQwXZOmi1PlL8OvhKvj1sEltHX7L3ojLagsvhfxHq7DsqIllR3f6IM7ZSlrxYoRNwon1DElupfWHBTryCfJu1\/Mb7j7kZyCLdyptsMtIkX2X84\/OK5hTrotL4j5P6bI3qKm+jjJvdP8b\" \/><\/form> \t<div class=\"pdf24Plugin-cp-link\"> \t\t<a href=\"#\" onclick=\"var pdf24Win = window.open('about:blank', 'pdf24PopWin', 'resizable=yes,scrollbars=yes,width=600,height=250,left='+(screen.width\/2-300)+',top='+(screen.height\/3-125)+''); pdf24Win.focus(); document.pdf24Form0.submit(); if(typeof pdf24OnCreatePDF === 'function'){void(pdf24OnCreatePDF(this,pdf24Win));} return false;\">Diesen Beitrag als PDF herunterladen<\/a> \t<\/div> <\/div>","protected":false},"excerpt":{"rendered":"<p>Da die Original Smart Lautsprecher klanglich nicht wirklich begeistern k\u00f6nnen, habe ich mich recht fr\u00fch dazu entschieden, diese gegen hochwertigere auszutauschen. F\u00fcr mich pers\u00f6nlich war das erste absolute No-Go, dass es sich beim Standard Lautsprecher um eine EIN-Wege-L\u00f6sung handelt. Aus meiner Sicht ist eine Trennung des Hochtonbereichs und des Tieftonbereichs das mindeste. Ob man nun auch noch eine Aufteilung a la Drei-Wege-System n\u00f6tig hat ist Geschmacksache. Ich habe in meinen bisherigen Fahrzeugen jeweils beide L\u00f6sungen verwendet. Beim Smart, den ich [&hellip;]<\/p>\n","protected":false},"author":1,"featured_media":0,"parent":509,"menu_order":0,"comment_status":"closed","ping_status":"closed","template":"template-fullwidth.php","meta":{"ngg_post_thumbnail":0,"jetpack_post_was_ever_published":false,"footnotes":""},"class_list":["post-776","page","type-page","status-publish","hentry"],"jetpack_shortlink":"https:\/\/wp.me\/P4qNjn-cw","jetpack_sharing_enabled":true,"jetpack_likes_enabled":true,"_links":{"self":[{"href":"https:\/\/www.marcelcuvelier.de\/index.php?rest_route=\/wp\/v2\/pages\/776","targetHints":{"allow":["GET"]}}],"collection":[{"href":"https:\/\/www.marcelcuvelier.de\/index.php?rest_route=\/wp\/v2\/pages"}],"about":[{"href":"https:\/\/www.marcelcuvelier.de\/index.php?rest_route=\/wp\/v2\/types\/page"}],"author":[{"embeddable":true,"href":"https:\/\/www.marcelcuvelier.de\/index.php?rest_route=\/wp\/v2\/users\/1"}],"replies":[{"embeddable":true,"href":"https:\/\/www.marcelcuvelier.de\/index.php?rest_route=%2Fwp%2Fv2%2Fcomments&post=776"}],"version-history":[{"count":2,"href":"https:\/\/www.marcelcuvelier.de\/index.php?rest_route=\/wp\/v2\/pages\/776\/revisions"}],"predecessor-version":[{"id":807,"href":"https:\/\/www.marcelcuvelier.de\/index.php?rest_route=\/wp\/v2\/pages\/776\/revisions\/807"}],"up":[{"embeddable":true,"href":"https:\/\/www.marcelcuvelier.de\/index.php?rest_route=\/wp\/v2\/pages\/509"}],"wp:attachment":[{"href":"https:\/\/www.marcelcuvelier.de\/index.php?rest_route=%2Fwp%2Fv2%2Fmedia&parent=776"}],"curies":[{"name":"wp","href":"https:\/\/api.w.org\/{rel}","templated":true}]}}